{"id":6957,"date":"2025-02-26T12:01:15","date_gmt":"2025-02-26T11:01:15","guid":{"rendered":"https:\/\/www.tous-acteurs-des-savoie.coop\/?post_type=event&#038;p=6957"},"modified":"2025-02-26T12:01:15","modified_gmt":"2025-02-26T11:01:15","slug":"glisse-en-coeur-2025","status":"publish","type":"event","link":"https:\/\/www.tous-acteurs-des-savoie.coop\/evenements\/glisse-en-coeur-2025\/","title":{"rendered":"Glisse en Coeur 2025"},"template":"","categories":[125,129,119,128],"class_list":["post-6957","event","type-event","status-publish","hentry","category-caisse-locale","category-engagement","category-inclusion","category-territoire"],"acf":[],"yoast_head":"<!-- This site is optimized with the Yoast SEO plugin v23.4 - https:\/\/yoast.com\/wordpress\/plugins\/seo\/ -->\n<title>Glisse en Coeur 2025 - Tous Acteurs des Savoie<\/title>\n<meta name=\"robots\" content=\"index, follow, max-snippet:-1, max-image-preview:large, max-video-preview:-1\" \/>\n<link rel=\"canonical\" href=\"https:\/\/www.tous-acteurs-des-savoie.coop\/evenements\/glisse-en-coeur-2025\/\" \/>\n<meta property=\"og:locale\" content=\"fr_FR\" \/>\n<meta property=\"og:type\" content=\"article\" \/>\n<meta property=\"og:title\" content=\"Glisse en Coeur 2025 - Tous Acteurs des Savoie\" \/>\n<meta property=\"og:description\" content=\"a:6:{s:10:&quot;event_date&quot;;s:8:&quot;20250321&quot;;s:14:&quot;event_date_end&quot;;s:8:&quot;20250323&quot;;s:7:&quot;address&quot;;a:13:{s:7:&quot;address&quot;;s:86:&quot;Front de neige du Charmieux, Route de l&#039;Envers du Chinaillon, Le Grand-Bornand, France&quot;;s:3:&quot;lat&quot;;d:45.97053289999999;s:3:&quot;lng&quot;;d:6.452266;s:4:&quot;zoom&quot;;i:11;s:8:&quot;place_id&quot;;s:27:&quot;ChIJN3EBiej3i0cRKuODwNSTsE0&quot;;s:4:&quot;name&quot;;s:27:&quot;Front de neige du Charmieux&quot;;s:11:&quot;street_name&quot;;s:31:&quot;Route de l&#039;Envers du Chinaillon&quot;;s:17:&quot;street_name_short&quot;;s:29:&quot;Rte de l&#039;Envers du Chinaillon&quot;;s:4:&quot;city&quot;;s:16:&quot;Le Grand-Bornand&quot;;s:5:&quot;state&quot;;s:21:&quot;Auvergne-Rh\u00f4ne-Alpes&quot;;s:9:&quot;post_code&quot;;s:5:&quot;74450&quot;;s:7:&quot;country&quot;;s:6:&quot;France&quot;;s:13:&quot;country_short&quot;;s:2:&quot;FR&quot;;}s:5:&quot;cover&quot;;a:4:{s:3:&quot;img&quot;;i:6959;s:8:&quot;img-size&quot;;s:5:&quot;cover&quot;;s:5:&quot;title&quot;;s:54:&quot;Glisse en Coeur : un week-end de solidarit\u00e9 &quot;;s:11:&quot;button_link&quot;;a:2:{s:4:&quot;text&quot;;s:0:&quot;&quot;;s:3:&quot;url&quot;;b:0;}}s:5:&quot;intro&quot;;a:1:{s:5:&quot;intro&quot;;s:0:&quot;&quot;;}s:6:&quot;blocks&quot;;a:3:{i:0;a:7:{s:13:&quot;acf_fc_layout&quot;;s:8:&quot;text-img&quot;;s:22:&quot;text-img_section_title&quot;;s:0:&quot;&quot;;s:12:&quot;text-img_img&quot;;a:4:{s:12:&quot;img-position&quot;;s:5:&quot;right&quot;;s:8:&quot;img-size&quot;;s:6:&quot;medium&quot;;s:5:&quot;color&quot;;a:1:{s:5:&quot;color&quot;;s:5:&quot;light&quot;;}s:3:&quot;img&quot;;i:6959;}s:14:&quot;text-img_title&quot;;s:0:&quot;&quot;;s:13:&quot;text-img_text&quot;;s:1073:&quot;Rendez-vous pour cette 16\u00e8me \u00e9dition de l\u2019\u00e9v\u00e8nement caritatif de la montagne les 21,22 et 23 mars 2025 au Grand-Bornand. Venez encourager les skieurs du d\u00e9fi de 24h de ski non-stop, savourer le d\u00eener \u00e9toil\u00e9 caritatif du vendredi soir ou encore vous amuser et danser au rythme des concerts solidaires du samedi avec la pr\u00e9sence de M. Pokora et Bakermat. Cet \u00e9v\u00e8nement solidaire rassemble les coureurs, b\u00e9n\u00e9voles, personnalit\u00e9s sportives, de la culture et des m\u00e9dias autour d\u2019une m\u00eame cause : soutenir le Fonds de Dotation pour l\u2019Enfance et les associations de l&rsquo;\u00e9dition mise \u00e0 l&rsquo;honneur : Les puits du d\u00e9sert, L\u2019association Laurette Fugain, La Compagnie apr\u00e8s la pluie,\u00a0Women Safe &amp; Children. Venez encourager et soutenir tous les participants et contribuez \u00e0 faire augmenter la cagnotte globale en\u00a0faisant un don \u00e0 l\u2019\u00e9quipe de salari\u00e9s et \u00e9lus du CA des Savoie, mobilis\u00e9s pour Glisse en C\u0153ur. &quot;;s:17:&quot;text-img_position&quot;;b:0;s:18:&quot;text-img_link_link&quot;;a:2:{s:4:&quot;text&quot;;s:0:&quot;&quot;;s:3:&quot;url&quot;;a:1:{i:0;a:2:{s:13:&quot;acf_fc_layout&quot;;s:8:&quot;external&quot;;s:3:&quot;url&quot;;s:0:&quot;&quot;;}}}}i:1;a:4:{s:13:&quot;acf_fc_layout&quot;;s:5:&quot;video&quot;;s:11:&quot;video_title&quot;;s:0:&quot;&quot;;s:11:&quot;video_video&quot;;s:354:&quot;&quot;;s:15:&quot;video_link_link&quot;;a:2:{s:4:&quot;text&quot;;s:51:&quot;Venez vibrer au Grand-Bornand avec Glisse en Coeur &quot;;s:3:&quot;url&quot;;a:1:{i:0;a:2:{s:13:&quot;acf_fc_layout&quot;;s:8:&quot;external&quot;;s:3:&quot;url&quot;;s:48:&quot;https:\/\/youtu.be\/v7fS2hVVPfA?si=22faBph0_gYEgwdf&quot;;}}}}i:2;a:3:{s:13:&quot;acf_fc_layout&quot;;s:6:&quot;button&quot;;s:11:&quot;button_line&quot;;b:1;s:16:&quot;button_link_link&quot;;a:2:{s:4:&quot;text&quot;;s:34:&quot;En savoir plus sur Glisse en Coeur&quot;;s:3:&quot;url&quot;;a:1:{i:0;a:2:{s:13:&quot;acf_fc_layout&quot;;s:8:&quot;external&quot;;s:3:&quot;url&quot;;s:31:&quot;https:\/\/glisse-en.coeur-fde.fr\/&quot;;}}}}}}\" \/>\n<meta property=\"og:url\" content=\"https:\/\/www.tous-acteurs-des-savoie.coop\/evenements\/glisse-en-coeur-2025\/\" \/>\n<meta property=\"og:site_name\" content=\"Tous Acteurs des Savoie\" \/>\n<meta name=\"twitter:card\" content=\"summary_large_image\" \/>\n<script type=\"application\/ld+json\" class=\"yoast-schema-graph\">{\"@context\":\"https:\/\/schema.org\",\"@graph\":[{\"@type\":\"WebPage\",\"@id\":\"https:\/\/www.tous-acteurs-des-savoie.coop\/evenements\/glisse-en-coeur-2025\/\",\"url\":\"https:\/\/www.tous-acteurs-des-savoie.coop\/evenements\/glisse-en-coeur-2025\/\",\"name\":\"Glisse en Coeur 2025 - Tous Acteurs des Savoie\",\"isPartOf\":{\"@id\":\"https:\/\/www.tous-acteurs-des-savoie.coop\/#website\"},\"datePublished\":\"2025-02-26T11:01:15+00:00\",\"dateModified\":\"2025-02-26T11:01:15+00:00\",\"breadcrumb\":{\"@id\":\"https:\/\/www.tous-acteurs-des-savoie.coop\/evenements\/glisse-en-coeur-2025\/#breadcrumb\"},\"inLanguage\":\"fr-FR\",\"potentialAction\":[{\"@type\":\"ReadAction\",\"target\":[\"https:\/\/www.tous-acteurs-des-savoie.coop\/evenements\/glisse-en-coeur-2025\/\"]}]},{\"@type\":\"BreadcrumbList\",\"@id\":\"https:\/\/www.tous-acteurs-des-savoie.coop\/evenements\/glisse-en-coeur-2025\/#breadcrumb\",\"itemListElement\":[{\"@type\":\"ListItem\",\"position\":1,\"name\":\"Home\",\"item\":\"https:\/\/www.tous-acteurs-des-savoie.coop\/\"},{\"@type\":\"ListItem\",\"position\":2,\"name\":\"\u00c9v\u00e8nements\",\"item\":\"https:\/\/www.tous-acteurs-des-savoie.coop\/evenements\/\"},{\"@type\":\"ListItem\",\"position\":3,\"name\":\"Glisse en Coeur 2025\"}]},{\"@type\":\"WebSite\",\"@id\":\"https:\/\/www.tous-acteurs-des-savoie.coop\/#website\",\"url\":\"https:\/\/www.tous-acteurs-des-savoie.coop\/\",\"name\":\"Tous Acteurs des Savoie\",\"description\":\"\",\"potentialAction\":[{\"@type\":\"SearchAction\",\"target\":{\"@type\":\"EntryPoint\",\"urlTemplate\":\"https:\/\/www.tous-acteurs-des-savoie.coop\/?s={search_term_string}\"},\"query-input\":{\"@type\":\"PropertyValueSpecification\",\"valueRequired\":true,\"valueName\":\"search_term_string\"}}],\"inLanguage\":\"fr-FR\"}]}<\/script>\n<!-- \/ Yoast SEO plugin. -->","yoast_head_json":{"title":"Glisse en Coeur 2025 - Tous Acteurs des Savoie","robots":{"index":"index","follow":"follow","max-snippet":"max-snippet:-1","max-image-preview":"max-image-preview:large","max-video-preview":"max-video-preview:-1"},"canonical":"https:\/\/www.tous-acteurs-des-savoie.coop\/evenements\/glisse-en-coeur-2025\/","og_locale":"fr_FR","og_type":"article","og_title":"Glisse en Coeur 2025 - Tous Acteurs des Savoie","og_description":"a:6:{s:10:\"event_date\";s:8:\"20250321\";s:14:\"event_date_end\";s:8:\"20250323\";s:7:\"address\";a:13:{s:7:\"address\";s:86:\"Front de neige du Charmieux, Route de l'Envers du Chinaillon, Le Grand-Bornand, France\";s:3:\"lat\";d:45.97053289999999;s:3:\"lng\";d:6.452266;s:4:\"zoom\";i:11;s:8:\"place_id\";s:27:\"ChIJN3EBiej3i0cRKuODwNSTsE0\";s:4:\"name\";s:27:\"Front de neige du Charmieux\";s:11:\"street_name\";s:31:\"Route de l'Envers du Chinaillon\";s:17:\"street_name_short\";s:29:\"Rte de l'Envers du Chinaillon\";s:4:\"city\";s:16:\"Le Grand-Bornand\";s:5:\"state\";s:21:\"Auvergne-Rh\u00f4ne-Alpes\";s:9:\"post_code\";s:5:\"74450\";s:7:\"country\";s:6:\"France\";s:13:\"country_short\";s:2:\"FR\";}s:5:\"cover\";a:4:{s:3:\"img\";i:6959;s:8:\"img-size\";s:5:\"cover\";s:5:\"title\";s:54:\"Glisse en Coeur : un week-end de solidarit\u00e9 \";s:11:\"button_link\";a:2:{s:4:\"text\";s:0:\"\";s:3:\"url\";b:0;}}s:5:\"intro\";a:1:{s:5:\"intro\";s:0:\"\";}s:6:\"blocks\";a:3:{i:0;a:7:{s:13:\"acf_fc_layout\";s:8:\"text-img\";s:22:\"text-img_section_title\";s:0:\"\";s:12:\"text-img_img\";a:4:{s:12:\"img-position\";s:5:\"right\";s:8:\"img-size\";s:6:\"medium\";s:5:\"color\";a:1:{s:5:\"color\";s:5:\"light\";}s:3:\"img\";i:6959;}s:14:\"text-img_title\";s:0:\"\";s:13:\"text-img_text\";s:1073:\"Rendez-vous pour cette 16\u00e8me \u00e9dition de l\u2019\u00e9v\u00e8nement caritatif de la montagne les 21,22 et 23 mars 2025 au Grand-Bornand. Venez encourager les skieurs du d\u00e9fi de 24h de ski non-stop, savourer le d\u00eener \u00e9toil\u00e9 caritatif du vendredi soir ou encore vous amuser et danser au rythme des concerts solidaires du samedi avec la pr\u00e9sence de M. Pokora et Bakermat. Cet \u00e9v\u00e8nement solidaire rassemble les coureurs, b\u00e9n\u00e9voles, personnalit\u00e9s sportives, de la culture et des m\u00e9dias autour d\u2019une m\u00eame cause : soutenir le Fonds de Dotation pour l\u2019Enfance et les associations de l&rsquo;\u00e9dition mise \u00e0 l&rsquo;honneur : Les puits du d\u00e9sert, L\u2019association Laurette Fugain, La Compagnie apr\u00e8s la pluie,\u00a0Women Safe &amp; Children. Venez encourager et soutenir tous les participants et contribuez \u00e0 faire augmenter la cagnotte globale en\u00a0faisant un don \u00e0 l\u2019\u00e9quipe de salari\u00e9s et \u00e9lus du CA des Savoie, mobilis\u00e9s pour Glisse en C\u0153ur. \";s:17:\"text-img_position\";b:0;s:18:\"text-img_link_link\";a:2:{s:4:\"text\";s:0:\"\";s:3:\"url\";a:1:{i:0;a:2:{s:13:\"acf_fc_layout\";s:8:\"external\";s:3:\"url\";s:0:\"\";}}}}i:1;a:4:{s:13:\"acf_fc_layout\";s:5:\"video\";s:11:\"video_title\";s:0:\"\";s:11:\"video_video\";s:354:\"\";s:15:\"video_link_link\";a:2:{s:4:\"text\";s:51:\"Venez vibrer au Grand-Bornand avec Glisse en Coeur \";s:3:\"url\";a:1:{i:0;a:2:{s:13:\"acf_fc_layout\";s:8:\"external\";s:3:\"url\";s:48:\"https:\/\/youtu.be\/v7fS2hVVPfA?si=22faBph0_gYEgwdf\";}}}}i:2;a:3:{s:13:\"acf_fc_layout\";s:6:\"button\";s:11:\"button_line\";b:1;s:16:\"button_link_link\";a:2:{s:4:\"text\";s:34:\"En savoir plus sur Glisse en Coeur\";s:3:\"url\";a:1:{i:0;a:2:{s:13:\"acf_fc_layout\";s:8:\"external\";s:3:\"url\";s:31:\"https:\/\/glisse-en.coeur-fde.fr\/\";}}}}}}","og_url":"https:\/\/www.tous-acteurs-des-savoie.coop\/evenements\/glisse-en-coeur-2025\/","og_site_name":"Tous Acteurs des Savoie","twitter_card":"summary_large_image","schema":{"@context":"https:\/\/schema.org","@graph":[{"@type":"WebPage","@id":"https:\/\/www.tous-acteurs-des-savoie.coop\/evenements\/glisse-en-coeur-2025\/","url":"https:\/\/www.tous-acteurs-des-savoie.coop\/evenements\/glisse-en-coeur-2025\/","name":"Glisse en Coeur 2025 - Tous Acteurs des Savoie","isPartOf":{"@id":"https:\/\/www.tous-acteurs-des-savoie.coop\/#website"},"datePublished":"2025-02-26T11:01:15+00:00","dateModified":"2025-02-26T11:01:15+00:00","breadcrumb":{"@id":"https:\/\/www.tous-acteurs-des-savoie.coop\/evenements\/glisse-en-coeur-2025\/#breadcrumb"},"inLanguage":"fr-FR","potentialAction":[{"@type":"ReadAction","target":["https:\/\/www.tous-acteurs-des-savoie.coop\/evenements\/glisse-en-coeur-2025\/"]}]},{"@type":"BreadcrumbList","@id":"https:\/\/www.tous-acteurs-des-savoie.coop\/evenements\/glisse-en-coeur-2025\/#breadcrumb","itemListElement":[{"@type":"ListItem","position":1,"name":"Home","item":"https:\/\/www.tous-acteurs-des-savoie.coop\/"},{"@type":"ListItem","position":2,"name":"\u00c9v\u00e8nements","item":"https:\/\/www.tous-acteurs-des-savoie.coop\/evenements\/"},{"@type":"ListItem","position":3,"name":"Glisse en Coeur 2025"}]},{"@type":"WebSite","@id":"https:\/\/www.tous-acteurs-des-savoie.coop\/#website","url":"https:\/\/www.tous-acteurs-des-savoie.coop\/","name":"Tous Acteurs des Savoie","description":"","potentialAction":[{"@type":"SearchAction","target":{"@type":"EntryPoint","urlTemplate":"https:\/\/www.tous-acteurs-des-savoie.coop\/?s={search_term_string}"},"query-input":{"@type":"PropertyValueSpecification","valueRequired":true,"valueName":"search_term_string"}}],"inLanguage":"fr-FR"}]}},"_links":{"self":[{"href":"https:\/\/www.tous-acteurs-des-savoie.coop\/tads-api\/wp\/v2\/event\/6957","targetHints":{"allow":["GET"]}}],"collection":[{"href":"https:\/\/www.tous-acteurs-des-savoie.coop\/tads-api\/wp\/v2\/event"}],"about":[{"href":"https:\/\/www.tous-acteurs-des-savoie.coop\/tads-api\/wp\/v2\/types\/event"}],"wp:attachment":[{"href":"https:\/\/www.tous-acteurs-des-savoie.coop\/tads-api\/wp\/v2\/media?parent=6957"}],"wp:term":[{"taxonomy":"category","embeddable":true,"href":"https:\/\/www.tous-acteurs-des-savoie.coop\/tads-api\/wp\/v2\/categories?post=6957"}],"curies":[{"name":"wp","href":"https:\/\/api.w.org\/{rel}","templated":true}]}}