{"id":4036,"date":"2023-03-07T14:44:53","date_gmt":"2023-03-07T13:44:53","guid":{"rendered":"https:\/\/www.tous-acteurs-des-savoie.coop\/?post_type=event&#038;p=4036"},"modified":"2023-03-07T14:50:13","modified_gmt":"2023-03-07T13:50:13","slug":"veillee-manigodine-2023","status":"publish","type":"event","link":"https:\/\/www.tous-acteurs-des-savoie.coop\/evenements\/veillee-manigodine-2023\/","title":{"rendered":"Veill\u00e9e Manigodine 2023"},"template":"","categories":[111],"class_list":["post-4036","event","type-event","status-publish","hentry","category-patrimoine"],"acf":[],"yoast_head":"<!-- This site is optimized with the Yoast SEO plugin v23.4 - https:\/\/yoast.com\/wordpress\/plugins\/seo\/ -->\n<title>Veill\u00e9e Manigodine 2023 - Tous Acteurs des Savoie<\/title>\n<meta name=\"robots\" content=\"index, follow, max-snippet:-1, max-image-preview:large, max-video-preview:-1\" \/>\n<link rel=\"canonical\" href=\"https:\/\/www.tous-acteurs-des-savoie.coop\/evenements\/veillee-manigodine-2023\/\" \/>\n<meta property=\"og:locale\" content=\"fr_FR\" \/>\n<meta property=\"og:type\" content=\"article\" \/>\n<meta property=\"og:title\" content=\"Veill\u00e9e Manigodine 2023 - Tous Acteurs des Savoie\" \/>\n<meta property=\"og:description\" content=\"a:6:{s:10:&quot;event_date&quot;;s:8:&quot;20230318&quot;;s:14:&quot;event_date_end&quot;;s:8:&quot;20230318&quot;;s:7:&quot;address&quot;;a:11:{s:7:&quot;address&quot;;s:32:&quot;Salle des fetes, Manigod, France&quot;;s:3:&quot;lat&quot;;d:45.86063300000001;s:3:&quot;lng&quot;;d:6.366452000000001;s:4:&quot;zoom&quot;;i:11;s:8:&quot;place_id&quot;;s:27:&quot;ChIJ1dK4Bejti0cREWAV97Tl_aQ&quot;;s:4:&quot;name&quot;;s:15:&quot;Salle des fetes&quot;;s:4:&quot;city&quot;;s:7:&quot;Manigod&quot;;s:5:&quot;state&quot;;s:21:&quot;Auvergne-Rh\u00f4ne-Alpes&quot;;s:9:&quot;post_code&quot;;s:5:&quot;74230&quot;;s:7:&quot;country&quot;;s:6:&quot;France&quot;;s:13:&quot;country_short&quot;;s:2:&quot;FR&quot;;}s:5:&quot;cover&quot;;a:4:{s:3:&quot;img&quot;;i:4037;s:8:&quot;img-size&quot;;s:5:&quot;cover&quot;;s:5:&quot;title&quot;;s:29:&quot;Veill\u00e9e Manigodine &quot;;s:11:&quot;button_link&quot;;a:2:{s:4:&quot;text&quot;;s:0:&quot;&quot;;s:3:&quot;url&quot;;b:0;}}s:5:&quot;intro&quot;;a:1:{s:5:&quot;intro&quot;;s:194:&quot;Samedi 18 mars d\u00e8s 15h, un moment de partage et de convivialit\u00e9 \u00e0 vivre en famille et entre amis autour du Patrimoine de Manigod. &quot;;}s:6:&quot;blocks&quot;;a:2:{i:0;a:4:{s:13:&quot;acf_fc_layout&quot;;s:4:&quot;text&quot;;s:14:&quot;text_text-move&quot;;b:1;s:14:&quot;text_text-size&quot;;s:1:&quot;9&quot;;s:9:&quot;text_text&quot;;s:1704:&quot;Retrouvons nous autour d&rsquo;une traditionnelle Veill\u00e9e Manigodine ! Au programme d\u00e8s 15h et tout au long de la journ\u00e9e :  EXPO PHOTOS \u2022 FILMS D&rsquo;ANTAN REPORTAGES VIDEOS EXCLUSIFS RECIT SUR \u00ab\u00a0LA CATASTROPHE DE L&rsquo;ANDRAN\u00a0\u00bb CHANTS TRADITIONNELS (carnets de chant fournis !)  Mais aussi quelques tables de belote et bien plus encore !  Buvette toute la journ\u00e9e : caf\u00e9 \u2022 vin \u2022 limonade&#8230; Go\u00fbter d\u00e8s 15h : Cr\u00eapes par l&rsquo;association Neige oc\u00e9an Souper d\u00e8s 19h : Soupe paysanne \u2022 fromage et charcuterie R\u00e9servation conseill\u00e9e pour la soupe au 06 86 90 09 52\u00a0  N&rsquo;h\u00e9sitez pas \u00e0 venir profiter de ce moment de convivialit\u00e9, en toute simplicit\u00e9, pour vous retrouver en famille et entre amis autour du Patrimoine de notre Village. Entr\u00e9e libre et gratuite &quot;;}i:1;a:3:{s:13:&quot;acf_fc_layout&quot;;s:3:&quot;img&quot;;s:9:&quot;img_title&quot;;s:0:&quot;&quot;;s:7:&quot;img_img&quot;;i:4038;}}}\" \/>\n<meta property=\"og:url\" content=\"https:\/\/www.tous-acteurs-des-savoie.coop\/evenements\/veillee-manigodine-2023\/\" \/>\n<meta property=\"og:site_name\" content=\"Tous Acteurs des Savoie\" \/>\n<meta property=\"article:modified_time\" content=\"2023-03-07T13:50:13+00:00\" \/>\n<meta name=\"twitter:card\" content=\"summary_large_image\" \/>\n<script type=\"application\/ld+json\" class=\"yoast-schema-graph\">{\"@context\":\"https:\/\/schema.org\",\"@graph\":[{\"@type\":\"WebPage\",\"@id\":\"https:\/\/www.tous-acteurs-des-savoie.coop\/evenements\/veillee-manigodine-2023\/\",\"url\":\"https:\/\/www.tous-acteurs-des-savoie.coop\/evenements\/veillee-manigodine-2023\/\",\"name\":\"Veill\u00e9e Manigodine 2023 - Tous Acteurs des Savoie\",\"isPartOf\":{\"@id\":\"https:\/\/www.tous-acteurs-des-savoie.coop\/#website\"},\"datePublished\":\"2023-03-07T13:44:53+00:00\",\"dateModified\":\"2023-03-07T13:50:13+00:00\",\"breadcrumb\":{\"@id\":\"https:\/\/www.tous-acteurs-des-savoie.coop\/evenements\/veillee-manigodine-2023\/#breadcrumb\"},\"inLanguage\":\"fr-FR\",\"potentialAction\":[{\"@type\":\"ReadAction\",\"target\":[\"https:\/\/www.tous-acteurs-des-savoie.coop\/evenements\/veillee-manigodine-2023\/\"]}]},{\"@type\":\"BreadcrumbList\",\"@id\":\"https:\/\/www.tous-acteurs-des-savoie.coop\/evenements\/veillee-manigodine-2023\/#breadcrumb\",\"itemListElement\":[{\"@type\":\"ListItem\",\"position\":1,\"name\":\"Home\",\"item\":\"https:\/\/www.tous-acteurs-des-savoie.coop\/\"},{\"@type\":\"ListItem\",\"position\":2,\"name\":\"\u00c9v\u00e8nements\",\"item\":\"https:\/\/www.tous-acteurs-des-savoie.coop\/evenements\/\"},{\"@type\":\"ListItem\",\"position\":3,\"name\":\"Veill\u00e9e Manigodine 2023\"}]},{\"@type\":\"WebSite\",\"@id\":\"https:\/\/www.tous-acteurs-des-savoie.coop\/#website\",\"url\":\"https:\/\/www.tous-acteurs-des-savoie.coop\/\",\"name\":\"Tous Acteurs des Savoie\",\"description\":\"\",\"potentialAction\":[{\"@type\":\"SearchAction\",\"target\":{\"@type\":\"EntryPoint\",\"urlTemplate\":\"https:\/\/www.tous-acteurs-des-savoie.coop\/?s={search_term_string}\"},\"query-input\":{\"@type\":\"PropertyValueSpecification\",\"valueRequired\":true,\"valueName\":\"search_term_string\"}}],\"inLanguage\":\"fr-FR\"}]}<\/script>\n<!-- \/ Yoast SEO plugin. -->","yoast_head_json":{"title":"Veill\u00e9e Manigodine 2023 - Tous Acteurs des Savoie","robots":{"index":"index","follow":"follow","max-snippet":"max-snippet:-1","max-image-preview":"max-image-preview:large","max-video-preview":"max-video-preview:-1"},"canonical":"https:\/\/www.tous-acteurs-des-savoie.coop\/evenements\/veillee-manigodine-2023\/","og_locale":"fr_FR","og_type":"article","og_title":"Veill\u00e9e Manigodine 2023 - Tous Acteurs des Savoie","og_description":"a:6:{s:10:\"event_date\";s:8:\"20230318\";s:14:\"event_date_end\";s:8:\"20230318\";s:7:\"address\";a:11:{s:7:\"address\";s:32:\"Salle des fetes, Manigod, France\";s:3:\"lat\";d:45.86063300000001;s:3:\"lng\";d:6.366452000000001;s:4:\"zoom\";i:11;s:8:\"place_id\";s:27:\"ChIJ1dK4Bejti0cREWAV97Tl_aQ\";s:4:\"name\";s:15:\"Salle des fetes\";s:4:\"city\";s:7:\"Manigod\";s:5:\"state\";s:21:\"Auvergne-Rh\u00f4ne-Alpes\";s:9:\"post_code\";s:5:\"74230\";s:7:\"country\";s:6:\"France\";s:13:\"country_short\";s:2:\"FR\";}s:5:\"cover\";a:4:{s:3:\"img\";i:4037;s:8:\"img-size\";s:5:\"cover\";s:5:\"title\";s:29:\"Veill\u00e9e Manigodine \";s:11:\"button_link\";a:2:{s:4:\"text\";s:0:\"\";s:3:\"url\";b:0;}}s:5:\"intro\";a:1:{s:5:\"intro\";s:194:\"Samedi 18 mars d\u00e8s 15h, un moment de partage et de convivialit\u00e9 \u00e0 vivre en famille et entre amis autour du Patrimoine de Manigod. \";}s:6:\"blocks\";a:2:{i:0;a:4:{s:13:\"acf_fc_layout\";s:4:\"text\";s:14:\"text_text-move\";b:1;s:14:\"text_text-size\";s:1:\"9\";s:9:\"text_text\";s:1704:\"Retrouvons nous autour d&rsquo;une traditionnelle Veill\u00e9e Manigodine ! Au programme d\u00e8s 15h et tout au long de la journ\u00e9e :  EXPO PHOTOS \u2022 FILMS D&rsquo;ANTAN REPORTAGES VIDEOS EXCLUSIFS RECIT SUR \u00ab\u00a0LA CATASTROPHE DE L&rsquo;ANDRAN\u00a0\u00bb CHANTS TRADITIONNELS (carnets de chant fournis !)  Mais aussi quelques tables de belote et bien plus encore !  Buvette toute la journ\u00e9e : caf\u00e9 \u2022 vin \u2022 limonade&#8230; Go\u00fbter d\u00e8s 15h : Cr\u00eapes par l&rsquo;association Neige oc\u00e9an Souper d\u00e8s 19h : Soupe paysanne \u2022 fromage et charcuterie R\u00e9servation conseill\u00e9e pour la soupe au 06 86 90 09 52\u00a0  N&rsquo;h\u00e9sitez pas \u00e0 venir profiter de ce moment de convivialit\u00e9, en toute simplicit\u00e9, pour vous retrouver en famille et entre amis autour du Patrimoine de notre Village. Entr\u00e9e libre et gratuite \";}i:1;a:3:{s:13:\"acf_fc_layout\";s:3:\"img\";s:9:\"img_title\";s:0:\"\";s:7:\"img_img\";i:4038;}}}","og_url":"https:\/\/www.tous-acteurs-des-savoie.coop\/evenements\/veillee-manigodine-2023\/","og_site_name":"Tous Acteurs des Savoie","article_modified_time":"2023-03-07T13:50:13+00:00","twitter_card":"summary_large_image","schema":{"@context":"https:\/\/schema.org","@graph":[{"@type":"WebPage","@id":"https:\/\/www.tous-acteurs-des-savoie.coop\/evenements\/veillee-manigodine-2023\/","url":"https:\/\/www.tous-acteurs-des-savoie.coop\/evenements\/veillee-manigodine-2023\/","name":"Veill\u00e9e Manigodine 2023 - Tous Acteurs des Savoie","isPartOf":{"@id":"https:\/\/www.tous-acteurs-des-savoie.coop\/#website"},"datePublished":"2023-03-07T13:44:53+00:00","dateModified":"2023-03-07T13:50:13+00:00","breadcrumb":{"@id":"https:\/\/www.tous-acteurs-des-savoie.coop\/evenements\/veillee-manigodine-2023\/#breadcrumb"},"inLanguage":"fr-FR","potentialAction":[{"@type":"ReadAction","target":["https:\/\/www.tous-acteurs-des-savoie.coop\/evenements\/veillee-manigodine-2023\/"]}]},{"@type":"BreadcrumbList","@id":"https:\/\/www.tous-acteurs-des-savoie.coop\/evenements\/veillee-manigodine-2023\/#breadcrumb","itemListElement":[{"@type":"ListItem","position":1,"name":"Home","item":"https:\/\/www.tous-acteurs-des-savoie.coop\/"},{"@type":"ListItem","position":2,"name":"\u00c9v\u00e8nements","item":"https:\/\/www.tous-acteurs-des-savoie.coop\/evenements\/"},{"@type":"ListItem","position":3,"name":"Veill\u00e9e Manigodine 2023"}]},{"@type":"WebSite","@id":"https:\/\/www.tous-acteurs-des-savoie.coop\/#website","url":"https:\/\/www.tous-acteurs-des-savoie.coop\/","name":"Tous Acteurs des Savoie","description":"","potentialAction":[{"@type":"SearchAction","target":{"@type":"EntryPoint","urlTemplate":"https:\/\/www.tous-acteurs-des-savoie.coop\/?s={search_term_string}"},"query-input":{"@type":"PropertyValueSpecification","valueRequired":true,"valueName":"search_term_string"}}],"inLanguage":"fr-FR"}]}},"_links":{"self":[{"href":"https:\/\/www.tous-acteurs-des-savoie.coop\/tads-api\/wp\/v2\/event\/4036","targetHints":{"allow":["GET"]}}],"collection":[{"href":"https:\/\/www.tous-acteurs-des-savoie.coop\/tads-api\/wp\/v2\/event"}],"about":[{"href":"https:\/\/www.tous-acteurs-des-savoie.coop\/tads-api\/wp\/v2\/types\/event"}],"wp:attachment":[{"href":"https:\/\/www.tous-acteurs-des-savoie.coop\/tads-api\/wp\/v2\/media?parent=4036"}],"wp:term":[{"taxonomy":"category","embeddable":true,"href":"https:\/\/www.tous-acteurs-des-savoie.coop\/tads-api\/wp\/v2\/categories?post=4036"}],"curies":[{"name":"wp","href":"https:\/\/api.w.org\/{rel}","templated":true}]}}