{"id":1613,"date":"2022-09-14T12:05:52","date_gmt":"2022-09-14T10:05:52","guid":{"rendered":"https:\/\/www.tous-acteurs-des-savoie.coop\/caisses-locales\/moutiers\/"},"modified":"2025-12-15T15:45:42","modified_gmt":"2025-12-15T14:45:42","slug":"moutiers","status":"publish","type":"caisse","link":"https:\/\/www.tous-acteurs-des-savoie.coop\/caisses-locales\/moutiers\/","title":{"rendered":"MO\u00dbTIERS"},"template":"","class_list":["post-1613","caisse","type-caisse","status-publish","hentry"],"acf":[],"yoast_head":"<!-- This site is optimized with the Yoast SEO plugin v23.4 - https:\/\/yoast.com\/wordpress\/plugins\/seo\/ -->\n<title>MO\u00dbTIERS - Tous Acteurs des Savoie<\/title>\n<meta name=\"robots\" content=\"index, follow, max-snippet:-1, max-image-preview:large, max-video-preview:-1\" \/>\n<link rel=\"canonical\" href=\"https:\/\/www.tous-acteurs-des-savoie.coop\/caisses-locales\/moutiers\/\" \/>\n<meta property=\"og:locale\" content=\"fr_FR\" \/>\n<meta property=\"og:type\" content=\"article\" \/>\n<meta property=\"og:title\" content=\"MO\u00dbTIERS - Tous Acteurs des Savoie\" \/>\n<meta property=\"og:description\" content=\"a:11:{s:5:&quot;cover&quot;;a:3:{s:3:&quot;img&quot;;i:1090;s:5:&quot;title&quot;;s:36:&quot;CAISSE LOCALE DE MO\u00dbTIERS &quot;;s:4:&quot;text&quot;;s:0:&quot;&quot;;}s:4:&quot;list&quot;;a:2:{s:5:&quot;photo&quot;;i:1090;s:5:&quot;title&quot;;s:36:&quot;CAISSE LOCALE DE MO\u00dbTIERS &quot;;}s:7:&quot;address&quot;;s:42:&quot;99, Square de la Libert\u00e9 73600 MO\u00dbTIERS&quot;;s:3:&quot;map&quot;;a:14:{s:7:&quot;address&quot;;s:77:&quot;Cr\u00e9dit Agricole des Savoie, 99 Square de la Libert\u00e9, 73600 Moutiers, France&quot;;s:3:&quot;lat&quot;;d:45.48505350000001;s:3:&quot;lng&quot;;d:6.532223;s:4:&quot;zoom&quot;;i:14;s:8:&quot;place_id&quot;;s:27:&quot;ChIJIQ4THtzVi0cR8rvs88vs8rs&quot;;s:4:&quot;name&quot;;s:27:&quot;Cr\u00e9dit Agricole des Savoie&quot;;s:13:&quot;street_number&quot;;s:2:&quot;99&quot;;s:11:&quot;street_name&quot;;s:21:&quot;Square de la Libert\u00e9&quot;;s:17:&quot;street_name_short&quot;;s:18:&quot;Sq. de la Libert\u00e9&quot;;s:4:&quot;city&quot;;s:8:&quot;Moutiers&quot;;s:5:&quot;state&quot;;s:21:&quot;Auvergne-Rh\u00f4ne-Alpes&quot;;s:9:&quot;post_code&quot;;s:5:&quot;73600&quot;;s:7:&quot;country&quot;;s:6:&quot;France&quot;;s:13:&quot;country_short&quot;;s:2:&quot;FR&quot;;}s:9:&quot;president&quot;;a:5:{s:6:&quot;center&quot;;b:0;s:3:&quot;img&quot;;i:1004;s:12:&quot;img-position&quot;;s:4:&quot;left&quot;;s:4:&quot;name&quot;;s:13:&quot;GERARD GACHET&quot;;s:8:&quot;position&quot;;s:10:&quot;Pr\u00e9sident&quot;;}s:14:&quot;administration&quot;;a:2:{s:5:&quot;title&quot;;s:56:&quot;Conseil d\u2019administration de la caisse locale &quot;;s:9:&quot;employees&quot;;a:12:{i:0;a:2:{s:4:&quot;name&quot;;s:14:&quot;ISABELLE BLANC&quot;;s:8:&quot;position&quot;;s:15:&quot;Administratrice&quot;;}i:1;a:2:{s:4:&quot;name&quot;;s:22:&quot;CLAUDE BONNEFOY-CUDRAZ&quot;;s:8:&quot;position&quot;;s:15:&quot;Vice-pr\u00e9sident&quot;;}i:2;a:2:{s:4:&quot;name&quot;;s:16:&quot;STEPHANE BORNAND&quot;;s:8:&quot;position&quot;;s:14:&quot;Administrateur&quot;;}i:3;a:2:{s:4:&quot;name&quot;;s:12:&quot;ERIC BRAISAZ&quot;;s:8:&quot;position&quot;;s:14:&quot;Administrateur&quot;;}i:4;a:2:{s:4:&quot;name&quot;;s:12:&quot;VALERIE CREY&quot;;s:8:&quot;position&quot;;s:15:&quot;Administratrice&quot;;}i:5;a:2:{s:4:&quot;name&quot;;s:17:&quot;PATRICE DESCHAMPS&quot;;s:8:&quot;position&quot;;s:14:&quot;Administrateur&quot;;}i:6;a:2:{s:4:&quot;name&quot;;s:15:&quot;BRIGITTE GACHET&quot;;s:8:&quot;position&quot;;s:16:&quot;Administratrice &quot;;}i:7;a:2:{s:4:&quot;name&quot;;s:16:&quot;LAURENCE HOLVOET&quot;;s:8:&quot;position&quot;;s:15:&quot;Administratrice&quot;;}i:8;a:2:{s:4:&quot;name&quot;;s:8:&quot;NOEL JAY&quot;;s:8:&quot;position&quot;;s:15:&quot;Administrateur &quot;;}i:9;a:2:{s:4:&quot;name&quot;;s:15:&quot;CATHERINE LEGER&quot;;s:8:&quot;position&quot;;s:16:&quot;Administratrice &quot;;}i:10;a:2:{s:4:&quot;name&quot;;s:15:&quot;VALENTIN SUCHET&quot;;s:8:&quot;position&quot;;s:14:&quot;Administrateur&quot;;}i:11;a:2:{s:4:&quot;name&quot;;s:16:&quot;FREDERIQUE TETAZ&quot;;s:8:&quot;position&quot;;s:11:&quot;Secr\u00e9taire&quot;;}}}s:4:&quot;next&quot;;a:8:{s:5:&quot;title&quot;;s:38:&quot;Future Assembl\u00e9e G\u00e9n\u00e9rale &quot;;s:4:&quot;text&quot;;s:0:&quot;&quot;;s:4:&quot;when&quot;;s:19:&quot;2026-03-19 19:00:00&quot;;s:7:&quot;address&quot;;s:53:&quot; Avenue des XVI\u00e8me Jeux Olympiques - 73600 MO\u00dbTIERS&quot;;s:4:&quot;name&quot;;s:38:&quot;Th\u00e8me local : Les Eph\u00e9m\u00e8res Alpines&quot;;s:3:&quot;img&quot;;b:0;s:7:&quot;details&quot;;s:655:&quot;Il est temps de nous rencontrer \u00e0 nouveau pour vous informer des \u00e9volutions de votre banque coop\u00e9rative et mutualiste. Cette soir\u00e9e sera aussi l\u2019occasion d\u2019\u00e9changer sur l\u2019activit\u00e9 et le fonctionnement du Cr\u00e9dit Agricole des Savoie. Vous pourrez vous exprimer en tant que soci\u00e9taire et acteur du territoire. Venez d\u00e9couvrir le th\u00e8me que les administrateurs de votre Caisse Locale ont choisi de vous pr\u00e9senter ! Un cadeau de bienvenue vous sera remis \u00e0 votre arriv\u00e9e. Un repas cl\u00f4turera la soir\u00e9e. Vous avez des questions \u00e0 poser \u00e0 votre Caisse Locale ? Envoyez-nous un message. &quot;;s:4:&quot;link&quot;;a:2:{s:4:&quot;text&quot;;s:19:&quot;Je pose ma question&quot;;s:3:&quot;url&quot;;a:1:{i:0;a:2:{s:13:&quot;acf_fc_layout&quot;;s:8:&quot;internal&quot;;s:3:&quot;url&quot;;s:49:&quot;https:\/\/www.tous-acteurs-des-savoie.coop\/contact\/&quot;;}}}}s:8:&quot;previous&quot;;a:8:{s:5:&quot;title&quot;;s:47:&quot;DERNIERE Assembl\u00e9e G\u00e9n\u00e9rale : 2025 &quot;;s:4:&quot;text&quot;;s:84:&quot;La derni\u00e8re Assembl\u00e9e G\u00e9n\u00e9rale de votre Caisse Locale a eu lieu en 2025. &quot;;s:4:&quot;when&quot;;s:19:&quot;2025-03-06 19:00:00&quot;;s:7:&quot;address&quot;;s:104:&quot;Salle Maurice Calloc&#039;h - Quartier de la Chaudanne - Avenue des XVI\u00e8me Jeux Olympiques - 73600 MO\u00dbTIERS&quot;;s:4:&quot;name&quot;;s:75:&quot;Th\u00e8me local : La l\u00e9gende du Pain du Mai, vecteur de d\u00e9veloppement local.&quot;;s:3:&quot;img&quot;;b:0;s:7:&quot;details&quot;;s:0:&quot;&quot;;s:4:&quot;link&quot;;a:2:{s:4:&quot;text&quot;;s:0:&quot;&quot;;s:3:&quot;url&quot;;b:0;}}s:5:&quot;video&quot;;a:1:{s:5:&quot;video&quot;;s:334:&quot;&quot;;}s:4:&quot;imgs&quot;;b:0;s:8:&quot;gallerie&quot;;a:1:{s:4:&quot;imgs&quot;;b:0;}}\" \/>\n<meta property=\"og:url\" content=\"https:\/\/www.tous-acteurs-des-savoie.coop\/caisses-locales\/moutiers\/\" \/>\n<meta property=\"og:site_name\" content=\"Tous Acteurs des Savoie\" \/>\n<meta property=\"article:modified_time\" content=\"2025-12-15T14:45:42+00:00\" \/>\n<meta name=\"twitter:card\" content=\"summary_large_image\" \/>\n<script type=\"application\/ld+json\" class=\"yoast-schema-graph\">{\"@context\":\"https:\/\/schema.org\",\"@graph\":[{\"@type\":\"WebPage\",\"@id\":\"https:\/\/www.tous-acteurs-des-savoie.coop\/caisses-locales\/moutiers\/\",\"url\":\"https:\/\/www.tous-acteurs-des-savoie.coop\/caisses-locales\/moutiers\/\",\"name\":\"MO\u00dbTIERS - Tous Acteurs des Savoie\",\"isPartOf\":{\"@id\":\"https:\/\/www.tous-acteurs-des-savoie.coop\/#website\"},\"datePublished\":\"2022-09-14T10:05:52+00:00\",\"dateModified\":\"2025-12-15T14:45:42+00:00\",\"breadcrumb\":{\"@id\":\"https:\/\/www.tous-acteurs-des-savoie.coop\/caisses-locales\/moutiers\/#breadcrumb\"},\"inLanguage\":\"fr-FR\",\"potentialAction\":[{\"@type\":\"ReadAction\",\"target\":[\"https:\/\/www.tous-acteurs-des-savoie.coop\/caisses-locales\/moutiers\/\"]}]},{\"@type\":\"BreadcrumbList\",\"@id\":\"https:\/\/www.tous-acteurs-des-savoie.coop\/caisses-locales\/moutiers\/#breadcrumb\",\"itemListElement\":[{\"@type\":\"ListItem\",\"position\":1,\"name\":\"Home\",\"item\":\"https:\/\/www.tous-acteurs-des-savoie.coop\/\"},{\"@type\":\"ListItem\",\"position\":2,\"name\":\"Caisses Locales\",\"item\":\"https:\/\/www.tous-acteurs-des-savoie.coop\/caisses-locales\/\"},{\"@type\":\"ListItem\",\"position\":3,\"name\":\"MO\u00dbTIERS\"}]},{\"@type\":\"WebSite\",\"@id\":\"https:\/\/www.tous-acteurs-des-savoie.coop\/#website\",\"url\":\"https:\/\/www.tous-acteurs-des-savoie.coop\/\",\"name\":\"Tous Acteurs des Savoie\",\"description\":\"\",\"potentialAction\":[{\"@type\":\"SearchAction\",\"target\":{\"@type\":\"EntryPoint\",\"urlTemplate\":\"https:\/\/www.tous-acteurs-des-savoie.coop\/?s={search_term_string}\"},\"query-input\":{\"@type\":\"PropertyValueSpecification\",\"valueRequired\":true,\"valueName\":\"search_term_string\"}}],\"inLanguage\":\"fr-FR\"}]}<\/script>\n<!-- \/ Yoast SEO plugin. -->","yoast_head_json":{"title":"MO\u00dbTIERS - Tous Acteurs des Savoie","robots":{"index":"index","follow":"follow","max-snippet":"max-snippet:-1","max-image-preview":"max-image-preview:large","max-video-preview":"max-video-preview:-1"},"canonical":"https:\/\/www.tous-acteurs-des-savoie.coop\/caisses-locales\/moutiers\/","og_locale":"fr_FR","og_type":"article","og_title":"MO\u00dbTIERS - Tous Acteurs des Savoie","og_description":"a:11:{s:5:\"cover\";a:3:{s:3:\"img\";i:1090;s:5:\"title\";s:36:\"CAISSE LOCALE DE MO\u00dbTIERS \";s:4:\"text\";s:0:\"\";}s:4:\"list\";a:2:{s:5:\"photo\";i:1090;s:5:\"title\";s:36:\"CAISSE LOCALE DE MO\u00dbTIERS \";}s:7:\"address\";s:42:\"99, Square de la Libert\u00e9 73600 MO\u00dbTIERS\";s:3:\"map\";a:14:{s:7:\"address\";s:77:\"Cr\u00e9dit Agricole des Savoie, 99 Square de la Libert\u00e9, 73600 Moutiers, France\";s:3:\"lat\";d:45.48505350000001;s:3:\"lng\";d:6.532223;s:4:\"zoom\";i:14;s:8:\"place_id\";s:27:\"ChIJIQ4THtzVi0cR8rvs88vs8rs\";s:4:\"name\";s:27:\"Cr\u00e9dit Agricole des Savoie\";s:13:\"street_number\";s:2:\"99\";s:11:\"street_name\";s:21:\"Square de la Libert\u00e9\";s:17:\"street_name_short\";s:18:\"Sq. de la Libert\u00e9\";s:4:\"city\";s:8:\"Moutiers\";s:5:\"state\";s:21:\"Auvergne-Rh\u00f4ne-Alpes\";s:9:\"post_code\";s:5:\"73600\";s:7:\"country\";s:6:\"France\";s:13:\"country_short\";s:2:\"FR\";}s:9:\"president\";a:5:{s:6:\"center\";b:0;s:3:\"img\";i:1004;s:12:\"img-position\";s:4:\"left\";s:4:\"name\";s:13:\"GERARD GACHET\";s:8:\"position\";s:10:\"Pr\u00e9sident\";}s:14:\"administration\";a:2:{s:5:\"title\";s:56:\"Conseil d\u2019administration de la caisse locale \";s:9:\"employees\";a:12:{i:0;a:2:{s:4:\"name\";s:14:\"ISABELLE BLANC\";s:8:\"position\";s:15:\"Administratrice\";}i:1;a:2:{s:4:\"name\";s:22:\"CLAUDE BONNEFOY-CUDRAZ\";s:8:\"position\";s:15:\"Vice-pr\u00e9sident\";}i:2;a:2:{s:4:\"name\";s:16:\"STEPHANE BORNAND\";s:8:\"position\";s:14:\"Administrateur\";}i:3;a:2:{s:4:\"name\";s:12:\"ERIC BRAISAZ\";s:8:\"position\";s:14:\"Administrateur\";}i:4;a:2:{s:4:\"name\";s:12:\"VALERIE CREY\";s:8:\"position\";s:15:\"Administratrice\";}i:5;a:2:{s:4:\"name\";s:17:\"PATRICE DESCHAMPS\";s:8:\"position\";s:14:\"Administrateur\";}i:6;a:2:{s:4:\"name\";s:15:\"BRIGITTE GACHET\";s:8:\"position\";s:16:\"Administratrice \";}i:7;a:2:{s:4:\"name\";s:16:\"LAURENCE HOLVOET\";s:8:\"position\";s:15:\"Administratrice\";}i:8;a:2:{s:4:\"name\";s:8:\"NOEL JAY\";s:8:\"position\";s:15:\"Administrateur \";}i:9;a:2:{s:4:\"name\";s:15:\"CATHERINE LEGER\";s:8:\"position\";s:16:\"Administratrice \";}i:10;a:2:{s:4:\"name\";s:15:\"VALENTIN SUCHET\";s:8:\"position\";s:14:\"Administrateur\";}i:11;a:2:{s:4:\"name\";s:16:\"FREDERIQUE TETAZ\";s:8:\"position\";s:11:\"Secr\u00e9taire\";}}}s:4:\"next\";a:8:{s:5:\"title\";s:38:\"Future Assembl\u00e9e G\u00e9n\u00e9rale \";s:4:\"text\";s:0:\"\";s:4:\"when\";s:19:\"2026-03-19 19:00:00\";s:7:\"address\";s:53:\" Avenue des XVI\u00e8me Jeux Olympiques - 73600 MO\u00dbTIERS\";s:4:\"name\";s:38:\"Th\u00e8me local : Les Eph\u00e9m\u00e8res Alpines\";s:3:\"img\";b:0;s:7:\"details\";s:655:\"Il est temps de nous rencontrer \u00e0 nouveau pour vous informer des \u00e9volutions de votre banque coop\u00e9rative et mutualiste. Cette soir\u00e9e sera aussi l\u2019occasion d\u2019\u00e9changer sur l\u2019activit\u00e9 et le fonctionnement du Cr\u00e9dit Agricole des Savoie. Vous pourrez vous exprimer en tant que soci\u00e9taire et acteur du territoire. Venez d\u00e9couvrir le th\u00e8me que les administrateurs de votre Caisse Locale ont choisi de vous pr\u00e9senter ! Un cadeau de bienvenue vous sera remis \u00e0 votre arriv\u00e9e. Un repas cl\u00f4turera la soir\u00e9e. Vous avez des questions \u00e0 poser \u00e0 votre Caisse Locale ? Envoyez-nous un message. \";s:4:\"link\";a:2:{s:4:\"text\";s:19:\"Je pose ma question\";s:3:\"url\";a:1:{i:0;a:2:{s:13:\"acf_fc_layout\";s:8:\"internal\";s:3:\"url\";s:49:\"https:\/\/www.tous-acteurs-des-savoie.coop\/contact\/\";}}}}s:8:\"previous\";a:8:{s:5:\"title\";s:47:\"DERNIERE Assembl\u00e9e G\u00e9n\u00e9rale : 2025 \";s:4:\"text\";s:84:\"La derni\u00e8re Assembl\u00e9e G\u00e9n\u00e9rale de votre Caisse Locale a eu lieu en 2025. \";s:4:\"when\";s:19:\"2025-03-06 19:00:00\";s:7:\"address\";s:104:\"Salle Maurice Calloc'h - Quartier de la Chaudanne - Avenue des XVI\u00e8me Jeux Olympiques - 73600 MO\u00dbTIERS\";s:4:\"name\";s:75:\"Th\u00e8me local : La l\u00e9gende du Pain du Mai, vecteur de d\u00e9veloppement local.\";s:3:\"img\";b:0;s:7:\"details\";s:0:\"\";s:4:\"link\";a:2:{s:4:\"text\";s:0:\"\";s:3:\"url\";b:0;}}s:5:\"video\";a:1:{s:5:\"video\";s:334:\"\";}s:4:\"imgs\";b:0;s:8:\"gallerie\";a:1:{s:4:\"imgs\";b:0;}}","og_url":"https:\/\/www.tous-acteurs-des-savoie.coop\/caisses-locales\/moutiers\/","og_site_name":"Tous Acteurs des Savoie","article_modified_time":"2025-12-15T14:45:42+00:00","twitter_card":"summary_large_image","schema":{"@context":"https:\/\/schema.org","@graph":[{"@type":"WebPage","@id":"https:\/\/www.tous-acteurs-des-savoie.coop\/caisses-locales\/moutiers\/","url":"https:\/\/www.tous-acteurs-des-savoie.coop\/caisses-locales\/moutiers\/","name":"MO\u00dbTIERS - Tous Acteurs des Savoie","isPartOf":{"@id":"https:\/\/www.tous-acteurs-des-savoie.coop\/#website"},"datePublished":"2022-09-14T10:05:52+00:00","dateModified":"2025-12-15T14:45:42+00:00","breadcrumb":{"@id":"https:\/\/www.tous-acteurs-des-savoie.coop\/caisses-locales\/moutiers\/#breadcrumb"},"inLanguage":"fr-FR","potentialAction":[{"@type":"ReadAction","target":["https:\/\/www.tous-acteurs-des-savoie.coop\/caisses-locales\/moutiers\/"]}]},{"@type":"BreadcrumbList","@id":"https:\/\/www.tous-acteurs-des-savoie.coop\/caisses-locales\/moutiers\/#breadcrumb","itemListElement":[{"@type":"ListItem","position":1,"name":"Home","item":"https:\/\/www.tous-acteurs-des-savoie.coop\/"},{"@type":"ListItem","position":2,"name":"Caisses Locales","item":"https:\/\/www.tous-acteurs-des-savoie.coop\/caisses-locales\/"},{"@type":"ListItem","position":3,"name":"MO\u00dbTIERS"}]},{"@type":"WebSite","@id":"https:\/\/www.tous-acteurs-des-savoie.coop\/#website","url":"https:\/\/www.tous-acteurs-des-savoie.coop\/","name":"Tous Acteurs des Savoie","description":"","potentialAction":[{"@type":"SearchAction","target":{"@type":"EntryPoint","urlTemplate":"https:\/\/www.tous-acteurs-des-savoie.coop\/?s={search_term_string}"},"query-input":{"@type":"PropertyValueSpecification","valueRequired":true,"valueName":"search_term_string"}}],"inLanguage":"fr-FR"}]}},"_links":{"self":[{"href":"https:\/\/www.tous-acteurs-des-savoie.coop\/tads-api\/wp\/v2\/caisse\/1613","targetHints":{"allow":["GET"]}}],"collection":[{"href":"https:\/\/www.tous-acteurs-des-savoie.coop\/tads-api\/wp\/v2\/caisse"}],"about":[{"href":"https:\/\/www.tous-acteurs-des-savoie.coop\/tads-api\/wp\/v2\/types\/caisse"}],"wp:attachment":[{"href":"https:\/\/www.tous-acteurs-des-savoie.coop\/tads-api\/wp\/v2\/media?parent=1613"}],"curies":[{"name":"wp","href":"https:\/\/api.w.org\/{rel}","templated":true}]}}