{"id":1607,"date":"2022-09-14T12:05:51","date_gmt":"2022-09-14T10:05:51","guid":{"rendered":"https:\/\/www.tous-acteurs-des-savoie.coop\/caisses-locales\/les-bauges\/"},"modified":"2025-12-15T15:22:54","modified_gmt":"2025-12-15T14:22:54","slug":"les-bauges","status":"publish","type":"caisse","link":"https:\/\/www.tous-acteurs-des-savoie.coop\/caisses-locales\/les-bauges\/","title":{"rendered":"LES BAUGES"},"template":"","class_list":["post-1607","caisse","type-caisse","status-publish","hentry"],"acf":[],"yoast_head":"<!-- This site is optimized with the Yoast SEO plugin v23.4 - https:\/\/yoast.com\/wordpress\/plugins\/seo\/ -->\n<title>LES BAUGES - Tous Acteurs des Savoie<\/title>\n<meta name=\"robots\" content=\"index, follow, max-snippet:-1, max-image-preview:large, max-video-preview:-1\" \/>\n<link rel=\"canonical\" href=\"https:\/\/www.tous-acteurs-des-savoie.coop\/caisses-locales\/les-bauges\/\" \/>\n<meta property=\"og:locale\" content=\"fr_FR\" \/>\n<meta property=\"og:type\" content=\"article\" \/>\n<meta property=\"og:title\" content=\"LES BAUGES - Tous Acteurs des Savoie\" \/>\n<meta property=\"og:description\" content=\"a:11:{s:5:&quot;cover&quot;;a:3:{s:3:&quot;img&quot;;i:1047;s:5:&quot;title&quot;;s:34:&quot;CAISSE LOCALE LES BAUGES &quot;;s:4:&quot;text&quot;;s:0:&quot;&quot;;}s:4:&quot;list&quot;;a:2:{s:5:&quot;photo&quot;;i:1047;s:5:&quot;title&quot;;s:34:&quot;CAISSE LOCALE DES BAUGES &quot;;}s:7:&quot;address&quot;;s:34:&quot;Rue Am\u00e9d\u00e9e V 73630 LE CH\u00c2TELARD&quot;;s:3:&quot;map&quot;;a:12:{s:7:&quot;address&quot;;s:76:&quot;Cr\u00e9dit Agricole - LE CH\u00c2TELARD, Rue Am\u00e9d\u00e9e V, 73630 Le Chatelard, France&quot;;s:3:&quot;lat&quot;;d:45.68536590000001;s:3:&quot;lng&quot;;d:6.136520700000001;s:4:&quot;zoom&quot;;i:14;s:8:&quot;place_id&quot;;s:27:&quot;ChIJgZOHs0G8i0cRXqCPkEP_62A&quot;;s:4:&quot;name&quot;;s:32:&quot;Cr\u00e9dit Agricole - LE CH\u00c2TELARD&quot;;s:11:&quot;street_name&quot;;s:14:&quot;Rue Am\u00e9d\u00e9e V&quot;;s:4:&quot;city&quot;;s:12:&quot;Le Chatelard&quot;;s:5:&quot;state&quot;;s:21:&quot;Auvergne-Rh\u00f4ne-Alpes&quot;;s:9:&quot;post_code&quot;;s:5:&quot;73630&quot;;s:7:&quot;country&quot;;s:6:&quot;France&quot;;s:13:&quot;country_short&quot;;s:2:&quot;FR&quot;;}s:9:&quot;president&quot;;a:5:{s:6:&quot;center&quot;;b:0;s:3:&quot;img&quot;;i:5482;s:12:&quot;img-position&quot;;s:4:&quot;left&quot;;s:4:&quot;name&quot;;s:17:&quot;JEAN-LOUIS NEYRET&quot;;s:8:&quot;position&quot;;s:31:&quot;Pr\u00e9sident de la Caisse Locale &quot;;}s:14:&quot;administration&quot;;a:2:{s:5:&quot;title&quot;;s:56:&quot;Conseil d\u2019administration de la caisse locale &quot;;s:9:&quot;employees&quot;;a:14:{i:0;a:2:{s:4:&quot;name&quot;;s:25:&quot;STEPHANIE BOUVIER-ROLLAND&quot;;s:8:&quot;position&quot;;s:16:&quot;Vice-Pr\u00e9sidente&quot;;}i:1;a:2:{s:4:&quot;name&quot;;s:14:&quot;ANNIE COMBETTE&quot;;s:8:&quot;position&quot;;s:15:&quot;Administratrice&quot;;}i:2;a:2:{s:4:&quot;name&quot;;s:13:&quot;YVAN DELETRAZ&quot;;s:8:&quot;position&quot;;s:14:&quot;Administrateur&quot;;}i:3;a:2:{s:4:&quot;name&quot;;s:17:&quot;CELINE DESGRANGES&quot;;s:8:&quot;position&quot;;s:16:&quot;Administratrice &quot;;}i:4;a:2:{s:4:&quot;name&quot;;s:15:&quot;VALERIE GUILLOT&quot;;s:8:&quot;position&quot;;s:16:&quot;Vice-Pr\u00e9sidente&quot;;}i:5;a:2:{s:4:&quot;name&quot;;s:14:&quot;CEDRIC LABORET&quot;;s:8:&quot;position&quot;;s:14:&quot;Administrateur&quot;;}i:6;a:2:{s:4:&quot;name&quot;;s:11:&quot;JEAN LEBERT&quot;;s:8:&quot;position&quot;;s:14:&quot;Administrateur&quot;;}i:7;a:2:{s:4:&quot;name&quot;;s:13:&quot;BENOIT NICOUD&quot;;s:8:&quot;position&quot;;s:14:&quot;Administrateur&quot;;}i:8;a:2:{s:4:&quot;name&quot;;s:16:&quot;PHILIPPE PACCARD&quot;;s:8:&quot;position&quot;;s:14:&quot;Administrateur&quot;;}i:9;a:2:{s:4:&quot;name&quot;;s:13:&quot;MARYSE PONSOT&quot;;s:8:&quot;position&quot;;s:16:&quot;Administratrice &quot;;}i:10;a:2:{s:4:&quot;name&quot;;s:15:&quot;CHRISTINE RAJAT&quot;;s:8:&quot;position&quot;;s:16:&quot;Administratrice &quot;;}i:11;a:2:{s:4:&quot;name&quot;;s:15:&quot;DAMIEN REGAIRAZ&quot;;s:8:&quot;position&quot;;s:15:&quot;Vice-Pr\u00e9sident&quot;;}i:12;a:2:{s:4:&quot;name&quot;;s:16:&quot;LAETITIA VIOLLET&quot;;s:8:&quot;position&quot;;s:15:&quot;Administratrice&quot;;}i:13;a:2:{s:4:&quot;name&quot;;s:11:&quot;Laura JANIN&quot;;s:8:&quot;position&quot;;s:11:&quot;Secr\u00e9taire&quot;;}}}s:4:&quot;next&quot;;a:8:{s:5:&quot;title&quot;;s:38:&quot;Future Assembl\u00e9e G\u00e9n\u00e9rale &quot;;s:4:&quot;text&quot;;s:0:&quot;&quot;;s:4:&quot;when&quot;;s:19:&quot;2026-03-18 19:00:00&quot;;s:7:&quot;address&quot;;s:60:&quot;Salle Etienne Petit - Chemin des Ecoles - 73630 - La Compote&quot;;s:4:&quot;name&quot;;s:100:&quot;Th\u00e8me local : Cultivons notre avenir : jeter moins\/manger mieux, le d\u00e9fi du gaspillage alimentaire&quot;;s:3:&quot;img&quot;;b:0;s:7:&quot;details&quot;;s:655:&quot;Il est temps de nous rencontrer \u00e0 nouveau pour vous informer des \u00e9volutions de votre banque coop\u00e9rative et mutualiste. Cette soir\u00e9e sera aussi l\u2019occasion d\u2019\u00e9changer sur l\u2019activit\u00e9 et le fonctionnement du Cr\u00e9dit Agricole des Savoie. Vous pourrez vous exprimer en tant que soci\u00e9taire et acteur du territoire. Venez d\u00e9couvrir le th\u00e8me que les administrateurs de votre Caisse Locale ont choisi de vous pr\u00e9senter ! Un cadeau de bienvenue vous sera remis \u00e0 votre arriv\u00e9e. Un repas cl\u00f4turera la soir\u00e9e. Vous avez des questions \u00e0 poser \u00e0 votre Caisse Locale ? Envoyez-nous un message. &quot;;s:4:&quot;link&quot;;a:2:{s:4:&quot;text&quot;;s:19:&quot;Je pose ma question&quot;;s:3:&quot;url&quot;;a:1:{i:0;a:2:{s:13:&quot;acf_fc_layout&quot;;s:8:&quot;internal&quot;;s:3:&quot;url&quot;;s:49:&quot;https:\/\/www.tous-acteurs-des-savoie.coop\/contact\/&quot;;}}}}s:8:&quot;previous&quot;;a:8:{s:5:&quot;title&quot;;s:71:&quot;derniere Assembl\u00e9e G\u00e9n\u00e9rale : 2025 &nbsp; &quot;;s:4:&quot;text&quot;;s:84:&quot;La derni\u00e8re Assembl\u00e9e G\u00e9n\u00e9rale de votre Caisse Locale a eu lieu en 2025. &quot;;s:4:&quot;when&quot;;s:19:&quot;2025-03-20 19:00:00&quot;;s:7:&quot;address&quot;;s:49:&quot;33 Route des bassins - 73340 - La Motte en Bauges&quot;;s:4:&quot;name&quot;;s:136:&quot;Th\u00e8me local : \u00ab\u00a0ENSEMBLE, cultivons nos for\u00eats\u00a0\u00bb Groupement des Sylviculteurs des Bauges\/Chambre d\u2019Agriculture Savoie Mont Blanc&quot;;s:3:&quot;img&quot;;b:0;s:7:&quot;details&quot;;s:0:&quot;&quot;;s:4:&quot;link&quot;;a:2:{s:4:&quot;text&quot;;s:0:&quot;&quot;;s:3:&quot;url&quot;;b:0;}}s:5:&quot;video&quot;;a:1:{s:5:&quot;video&quot;;s:335:&quot;&quot;;}s:4:&quot;imgs&quot;;b:0;s:8:&quot;gallerie&quot;;a:1:{s:4:&quot;imgs&quot;;b:0;}}\" \/>\n<meta property=\"og:url\" content=\"https:\/\/www.tous-acteurs-des-savoie.coop\/caisses-locales\/les-bauges\/\" \/>\n<meta property=\"og:site_name\" content=\"Tous Acteurs des Savoie\" \/>\n<meta property=\"article:modified_time\" content=\"2025-12-15T14:22:54+00:00\" \/>\n<meta name=\"twitter:card\" content=\"summary_large_image\" \/>\n<script type=\"application\/ld+json\" class=\"yoast-schema-graph\">{\"@context\":\"https:\/\/schema.org\",\"@graph\":[{\"@type\":\"WebPage\",\"@id\":\"https:\/\/www.tous-acteurs-des-savoie.coop\/caisses-locales\/les-bauges\/\",\"url\":\"https:\/\/www.tous-acteurs-des-savoie.coop\/caisses-locales\/les-bauges\/\",\"name\":\"LES BAUGES - Tous Acteurs des Savoie\",\"isPartOf\":{\"@id\":\"https:\/\/www.tous-acteurs-des-savoie.coop\/#website\"},\"datePublished\":\"2022-09-14T10:05:51+00:00\",\"dateModified\":\"2025-12-15T14:22:54+00:00\",\"breadcrumb\":{\"@id\":\"https:\/\/www.tous-acteurs-des-savoie.coop\/caisses-locales\/les-bauges\/#breadcrumb\"},\"inLanguage\":\"fr-FR\",\"potentialAction\":[{\"@type\":\"ReadAction\",\"target\":[\"https:\/\/www.tous-acteurs-des-savoie.coop\/caisses-locales\/les-bauges\/\"]}]},{\"@type\":\"BreadcrumbList\",\"@id\":\"https:\/\/www.tous-acteurs-des-savoie.coop\/caisses-locales\/les-bauges\/#breadcrumb\",\"itemListElement\":[{\"@type\":\"ListItem\",\"position\":1,\"name\":\"Home\",\"item\":\"https:\/\/www.tous-acteurs-des-savoie.coop\/\"},{\"@type\":\"ListItem\",\"position\":2,\"name\":\"Caisses Locales\",\"item\":\"https:\/\/www.tous-acteurs-des-savoie.coop\/caisses-locales\/\"},{\"@type\":\"ListItem\",\"position\":3,\"name\":\"LES BAUGES\"}]},{\"@type\":\"WebSite\",\"@id\":\"https:\/\/www.tous-acteurs-des-savoie.coop\/#website\",\"url\":\"https:\/\/www.tous-acteurs-des-savoie.coop\/\",\"name\":\"Tous Acteurs des Savoie\",\"description\":\"\",\"potentialAction\":[{\"@type\":\"SearchAction\",\"target\":{\"@type\":\"EntryPoint\",\"urlTemplate\":\"https:\/\/www.tous-acteurs-des-savoie.coop\/?s={search_term_string}\"},\"query-input\":{\"@type\":\"PropertyValueSpecification\",\"valueRequired\":true,\"valueName\":\"search_term_string\"}}],\"inLanguage\":\"fr-FR\"}]}<\/script>\n<!-- \/ Yoast SEO plugin. -->","yoast_head_json":{"title":"LES BAUGES - Tous Acteurs des Savoie","robots":{"index":"index","follow":"follow","max-snippet":"max-snippet:-1","max-image-preview":"max-image-preview:large","max-video-preview":"max-video-preview:-1"},"canonical":"https:\/\/www.tous-acteurs-des-savoie.coop\/caisses-locales\/les-bauges\/","og_locale":"fr_FR","og_type":"article","og_title":"LES BAUGES - Tous Acteurs des Savoie","og_description":"a:11:{s:5:\"cover\";a:3:{s:3:\"img\";i:1047;s:5:\"title\";s:34:\"CAISSE LOCALE LES BAUGES \";s:4:\"text\";s:0:\"\";}s:4:\"list\";a:2:{s:5:\"photo\";i:1047;s:5:\"title\";s:34:\"CAISSE LOCALE DES BAUGES \";}s:7:\"address\";s:34:\"Rue Am\u00e9d\u00e9e V 73630 LE CH\u00c2TELARD\";s:3:\"map\";a:12:{s:7:\"address\";s:76:\"Cr\u00e9dit Agricole - LE CH\u00c2TELARD, Rue Am\u00e9d\u00e9e V, 73630 Le Chatelard, France\";s:3:\"lat\";d:45.68536590000001;s:3:\"lng\";d:6.136520700000001;s:4:\"zoom\";i:14;s:8:\"place_id\";s:27:\"ChIJgZOHs0G8i0cRXqCPkEP_62A\";s:4:\"name\";s:32:\"Cr\u00e9dit Agricole - LE CH\u00c2TELARD\";s:11:\"street_name\";s:14:\"Rue Am\u00e9d\u00e9e V\";s:4:\"city\";s:12:\"Le Chatelard\";s:5:\"state\";s:21:\"Auvergne-Rh\u00f4ne-Alpes\";s:9:\"post_code\";s:5:\"73630\";s:7:\"country\";s:6:\"France\";s:13:\"country_short\";s:2:\"FR\";}s:9:\"president\";a:5:{s:6:\"center\";b:0;s:3:\"img\";i:5482;s:12:\"img-position\";s:4:\"left\";s:4:\"name\";s:17:\"JEAN-LOUIS NEYRET\";s:8:\"position\";s:31:\"Pr\u00e9sident de la Caisse Locale \";}s:14:\"administration\";a:2:{s:5:\"title\";s:56:\"Conseil d\u2019administration de la caisse locale \";s:9:\"employees\";a:14:{i:0;a:2:{s:4:\"name\";s:25:\"STEPHANIE BOUVIER-ROLLAND\";s:8:\"position\";s:16:\"Vice-Pr\u00e9sidente\";}i:1;a:2:{s:4:\"name\";s:14:\"ANNIE COMBETTE\";s:8:\"position\";s:15:\"Administratrice\";}i:2;a:2:{s:4:\"name\";s:13:\"YVAN DELETRAZ\";s:8:\"position\";s:14:\"Administrateur\";}i:3;a:2:{s:4:\"name\";s:17:\"CELINE DESGRANGES\";s:8:\"position\";s:16:\"Administratrice \";}i:4;a:2:{s:4:\"name\";s:15:\"VALERIE GUILLOT\";s:8:\"position\";s:16:\"Vice-Pr\u00e9sidente\";}i:5;a:2:{s:4:\"name\";s:14:\"CEDRIC LABORET\";s:8:\"position\";s:14:\"Administrateur\";}i:6;a:2:{s:4:\"name\";s:11:\"JEAN LEBERT\";s:8:\"position\";s:14:\"Administrateur\";}i:7;a:2:{s:4:\"name\";s:13:\"BENOIT NICOUD\";s:8:\"position\";s:14:\"Administrateur\";}i:8;a:2:{s:4:\"name\";s:16:\"PHILIPPE PACCARD\";s:8:\"position\";s:14:\"Administrateur\";}i:9;a:2:{s:4:\"name\";s:13:\"MARYSE PONSOT\";s:8:\"position\";s:16:\"Administratrice \";}i:10;a:2:{s:4:\"name\";s:15:\"CHRISTINE RAJAT\";s:8:\"position\";s:16:\"Administratrice \";}i:11;a:2:{s:4:\"name\";s:15:\"DAMIEN REGAIRAZ\";s:8:\"position\";s:15:\"Vice-Pr\u00e9sident\";}i:12;a:2:{s:4:\"name\";s:16:\"LAETITIA VIOLLET\";s:8:\"position\";s:15:\"Administratrice\";}i:13;a:2:{s:4:\"name\";s:11:\"Laura JANIN\";s:8:\"position\";s:11:\"Secr\u00e9taire\";}}}s:4:\"next\";a:8:{s:5:\"title\";s:38:\"Future Assembl\u00e9e G\u00e9n\u00e9rale \";s:4:\"text\";s:0:\"\";s:4:\"when\";s:19:\"2026-03-18 19:00:00\";s:7:\"address\";s:60:\"Salle Etienne Petit - Chemin des Ecoles - 73630 - La Compote\";s:4:\"name\";s:100:\"Th\u00e8me local : Cultivons notre avenir : jeter moins\/manger mieux, le d\u00e9fi du gaspillage alimentaire\";s:3:\"img\";b:0;s:7:\"details\";s:655:\"Il est temps de nous rencontrer \u00e0 nouveau pour vous informer des \u00e9volutions de votre banque coop\u00e9rative et mutualiste. Cette soir\u00e9e sera aussi l\u2019occasion d\u2019\u00e9changer sur l\u2019activit\u00e9 et le fonctionnement du Cr\u00e9dit Agricole des Savoie. Vous pourrez vous exprimer en tant que soci\u00e9taire et acteur du territoire. Venez d\u00e9couvrir le th\u00e8me que les administrateurs de votre Caisse Locale ont choisi de vous pr\u00e9senter ! Un cadeau de bienvenue vous sera remis \u00e0 votre arriv\u00e9e. Un repas cl\u00f4turera la soir\u00e9e. Vous avez des questions \u00e0 poser \u00e0 votre Caisse Locale ? Envoyez-nous un message. \";s:4:\"link\";a:2:{s:4:\"text\";s:19:\"Je pose ma question\";s:3:\"url\";a:1:{i:0;a:2:{s:13:\"acf_fc_layout\";s:8:\"internal\";s:3:\"url\";s:49:\"https:\/\/www.tous-acteurs-des-savoie.coop\/contact\/\";}}}}s:8:\"previous\";a:8:{s:5:\"title\";s:71:\"derniere Assembl\u00e9e G\u00e9n\u00e9rale : 2025 &nbsp; \";s:4:\"text\";s:84:\"La derni\u00e8re Assembl\u00e9e G\u00e9n\u00e9rale de votre Caisse Locale a eu lieu en 2025. \";s:4:\"when\";s:19:\"2025-03-20 19:00:00\";s:7:\"address\";s:49:\"33 Route des bassins - 73340 - La Motte en Bauges\";s:4:\"name\";s:136:\"Th\u00e8me local : \u00ab\u00a0ENSEMBLE, cultivons nos for\u00eats\u00a0\u00bb Groupement des Sylviculteurs des Bauges\/Chambre d\u2019Agriculture Savoie Mont Blanc\";s:3:\"img\";b:0;s:7:\"details\";s:0:\"\";s:4:\"link\";a:2:{s:4:\"text\";s:0:\"\";s:3:\"url\";b:0;}}s:5:\"video\";a:1:{s:5:\"video\";s:335:\"\";}s:4:\"imgs\";b:0;s:8:\"gallerie\";a:1:{s:4:\"imgs\";b:0;}}","og_url":"https:\/\/www.tous-acteurs-des-savoie.coop\/caisses-locales\/les-bauges\/","og_site_name":"Tous Acteurs des Savoie","article_modified_time":"2025-12-15T14:22:54+00:00","twitter_card":"summary_large_image","schema":{"@context":"https:\/\/schema.org","@graph":[{"@type":"WebPage","@id":"https:\/\/www.tous-acteurs-des-savoie.coop\/caisses-locales\/les-bauges\/","url":"https:\/\/www.tous-acteurs-des-savoie.coop\/caisses-locales\/les-bauges\/","name":"LES BAUGES - Tous Acteurs des Savoie","isPartOf":{"@id":"https:\/\/www.tous-acteurs-des-savoie.coop\/#website"},"datePublished":"2022-09-14T10:05:51+00:00","dateModified":"2025-12-15T14:22:54+00:00","breadcrumb":{"@id":"https:\/\/www.tous-acteurs-des-savoie.coop\/caisses-locales\/les-bauges\/#breadcrumb"},"inLanguage":"fr-FR","potentialAction":[{"@type":"ReadAction","target":["https:\/\/www.tous-acteurs-des-savoie.coop\/caisses-locales\/les-bauges\/"]}]},{"@type":"BreadcrumbList","@id":"https:\/\/www.tous-acteurs-des-savoie.coop\/caisses-locales\/les-bauges\/#breadcrumb","itemListElement":[{"@type":"ListItem","position":1,"name":"Home","item":"https:\/\/www.tous-acteurs-des-savoie.coop\/"},{"@type":"ListItem","position":2,"name":"Caisses Locales","item":"https:\/\/www.tous-acteurs-des-savoie.coop\/caisses-locales\/"},{"@type":"ListItem","position":3,"name":"LES BAUGES"}]},{"@type":"WebSite","@id":"https:\/\/www.tous-acteurs-des-savoie.coop\/#website","url":"https:\/\/www.tous-acteurs-des-savoie.coop\/","name":"Tous Acteurs des Savoie","description":"","potentialAction":[{"@type":"SearchAction","target":{"@type":"EntryPoint","urlTemplate":"https:\/\/www.tous-acteurs-des-savoie.coop\/?s={search_term_string}"},"query-input":{"@type":"PropertyValueSpecification","valueRequired":true,"valueName":"search_term_string"}}],"inLanguage":"fr-FR"}]}},"_links":{"self":[{"href":"https:\/\/www.tous-acteurs-des-savoie.coop\/tads-api\/wp\/v2\/caisse\/1607","targetHints":{"allow":["GET"]}}],"collection":[{"href":"https:\/\/www.tous-acteurs-des-savoie.coop\/tads-api\/wp\/v2\/caisse"}],"about":[{"href":"https:\/\/www.tous-acteurs-des-savoie.coop\/tads-api\/wp\/v2\/types\/caisse"}],"wp:attachment":[{"href":"https:\/\/www.tous-acteurs-des-savoie.coop\/tads-api\/wp\/v2\/media?parent=1607"}],"curies":[{"name":"wp","href":"https:\/\/api.w.org\/{rel}","templated":true}]}}