{"id":1601,"date":"2022-09-14T12:05:50","date_gmt":"2022-09-14T10:05:50","guid":{"rendered":"https:\/\/www.tous-acteurs-des-savoie.coop\/caisses-locales\/haut-val-darly-megeve\/"},"modified":"2026-01-15T20:43:47","modified_gmt":"2026-01-15T19:43:47","slug":"haut-val-darly-megeve","status":"publish","type":"caisse","link":"https:\/\/www.tous-acteurs-des-savoie.coop\/caisses-locales\/haut-val-darly-megeve\/","title":{"rendered":"HAUT VAL D&rsquo;ARLY-MEG\u00c8VE"},"template":"","class_list":["post-1601","caisse","type-caisse","status-publish","hentry"],"acf":[],"yoast_head":"<!-- This site is optimized with the Yoast SEO plugin v23.4 - https:\/\/yoast.com\/wordpress\/plugins\/seo\/ -->\n<title>HAUT VAL D&#039;ARLY-MEG\u00c8VE - Tous Acteurs des Savoie<\/title>\n<meta name=\"robots\" content=\"index, follow, max-snippet:-1, max-image-preview:large, max-video-preview:-1\" \/>\n<link rel=\"canonical\" href=\"https:\/\/www.tous-acteurs-des-savoie.coop\/caisses-locales\/haut-val-darly-megeve\/\" \/>\n<meta property=\"og:locale\" content=\"fr_FR\" \/>\n<meta property=\"og:type\" content=\"article\" \/>\n<meta property=\"og:title\" content=\"HAUT VAL D&#039;ARLY-MEG\u00c8VE - Tous Acteurs des Savoie\" \/>\n<meta property=\"og:description\" content=\"a:11:{s:5:&quot;cover&quot;;a:3:{s:3:&quot;img&quot;;i:1084;s:5:&quot;title&quot;;s:56:&quot;CAISSE LOCALE DU HAUT VAL D&rsquo;ARLY-MEG\u00c8VE &quot;;s:4:&quot;text&quot;;s:0:&quot;&quot;;}s:4:&quot;list&quot;;a:2:{s:5:&quot;photo&quot;;i:1084;s:5:&quot;title&quot;;s:56:&quot;CAISSE LOCALE DU HAUT VAL D&rsquo;ARLY-MEG\u00c8VE &quot;;}s:7:&quot;address&quot;;s:38:&quot;36, rue G\u00e9n\u00e9ral Muffat 74120 MEG\u00c8VE&quot;;s:3:&quot;map&quot;;a:13:{s:7:&quot;address&quot;;s:88:&quot;Cr\u00e9dit Agricole - MEGEVE, Rue du G\u00e9n\u00e9ral Muffat de Saint-Amour, 74120 Meg\u00e8ve, France&quot;;s:3:&quot;lat&quot;;d:45.858132;s:3:&quot;lng&quot;;d:6.6192599;s:4:&quot;zoom&quot;;i:14;s:8:&quot;place_id&quot;;s:27:&quot;ChIJUUy-HMnii0cRhUWJu43bLOI&quot;;s:4:&quot;name&quot;;s:25:&quot;Cr\u00e9dit Agricole - MEGEVE&quot;;s:13:&quot;street_number&quot;;s:2:&quot;36&quot;;s:11:&quot;street_name&quot;;s:38:&quot;Rue du G\u00e9n\u00e9ral Muffat de Saint-Amour&quot;;s:4:&quot;city&quot;;s:7:&quot;Meg\u00e8ve&quot;;s:5:&quot;state&quot;;s:21:&quot;Auvergne-Rh\u00f4ne-Alpes&quot;;s:9:&quot;post_code&quot;;s:5:&quot;74120&quot;;s:7:&quot;country&quot;;s:6:&quot;France&quot;;s:13:&quot;country_short&quot;;s:2:&quot;FR&quot;;}s:14:&quot;administration&quot;;a:2:{s:5:&quot;title&quot;;s:56:&quot;Conseil d\u2019administration de la caisse locale &quot;;s:9:&quot;employees&quot;;a:13:{i:0;a:2:{s:4:&quot;name&quot;;s:17:&quot;ALINE CAUZLOSQUY &quot;;s:8:&quot;position&quot;;s:15:&quot;Administratrice&quot;;}i:1;a:2:{s:4:&quot;name&quot;;s:15:&quot;CLAUDE CHAMBEL &quot;;s:8:&quot;position&quot;;s:14:&quot;Administrateur&quot;;}i:2;a:2:{s:4:&quot;name&quot;;s:15:&quot;OLIVIER CONSEIL&quot;;s:8:&quot;position&quot;;s:14:&quot;Administrateur&quot;;}i:3;a:2:{s:4:&quot;name&quot;;s:14:&quot;CHANTAL DUBOIS&quot;;s:8:&quot;position&quot;;s:15:&quot;Administratrice&quot;;}i:4;a:2:{s:4:&quot;name&quot;;s:16:&quot;DOMINIQUE DUCREY&quot;;s:8:&quot;position&quot;;s:16:&quot;Vice-Pr\u00e9sidente&quot;;}i:5;a:2:{s:4:&quot;name&quot;;s:20:&quot;CLAUDE GROSSET-JANIN&quot;;s:8:&quot;position&quot;;s:15:&quot;Vice-Pr\u00e9sident&quot;;}i:6;a:2:{s:4:&quot;name&quot;;s:14:&quot;DIDIER GUIBERT&quot;;s:8:&quot;position&quot;;s:14:&quot;Administrateur&quot;;}i:7;a:2:{s:4:&quot;name&quot;;s:12:&quot;LIONEL MELLA&quot;;s:8:&quot;position&quot;;s:14:&quot;Administrateur&quot;;}i:8;a:2:{s:4:&quot;name&quot;;s:15:&quot;SEBASTIEN PAGET&quot;;s:8:&quot;position&quot;;s:14:&quot;Administrateur&quot;;}i:9;a:2:{s:4:&quot;name&quot;;s:13:&quot;PERRIN FABIEN&quot;;s:8:&quot;position&quot;;s:14:&quot;Administrateur&quot;;}i:10;a:2:{s:4:&quot;name&quot;;s:13:&quot;JOCELYNE REY &quot;;s:8:&quot;position&quot;;s:15:&quot;Administratrice&quot;;}i:11;a:2:{s:4:&quot;name&quot;;s:18:&quot;ERIC SOCQUET-CLERC&quot;;s:8:&quot;position&quot;;s:15:&quot;Administrateur &quot;;}i:12;a:2:{s:4:&quot;name&quot;;s:19:&quot;THERESE FAVRE FELIX&quot;;s:8:&quot;position&quot;;s:11:&quot;Secr\u00e9taire&quot;;}}}s:4:&quot;next&quot;;a:8:{s:5:&quot;title&quot;;s:38:&quot;Future Assembl\u00e9e G\u00e9n\u00e9rale &quot;;s:4:&quot;text&quot;;s:28:&quot;&nbsp; &nbsp; &quot;;s:4:&quot;when&quot;;s:19:&quot;2026-03-24 19:30:00&quot;;s:7:&quot;address&quot;;s:46:&quot;247 Route du Palais des Sports - 74120 Meg\u00e8ve&quot;;s:4:&quot;name&quot;;s:61:&quot;Th\u00e8me local : Les enjeux de la gestion locale de nos for\u00eats&quot;;s:3:&quot;img&quot;;b:0;s:7:&quot;details&quot;;s:655:&quot;Il est temps de nous rencontrer \u00e0 nouveau pour vous informer des \u00e9volutions de votre banque coop\u00e9rative et mutualiste. Cette soir\u00e9e sera aussi l\u2019occasion d\u2019\u00e9changer sur l\u2019activit\u00e9 et le fonctionnement du Cr\u00e9dit Agricole des Savoie. Vous pourrez vous exprimer en tant que soci\u00e9taire et acteur du territoire. Venez d\u00e9couvrir le th\u00e8me que les administrateurs de votre Caisse Locale ont choisi de vous pr\u00e9senter ! Un cadeau de bienvenue vous sera remis \u00e0 votre arriv\u00e9e. Un repas cl\u00f4turera la soir\u00e9e. Vous avez des questions \u00e0 poser \u00e0 votre Caisse Locale ? Envoyez-nous un message. &quot;;s:4:&quot;link&quot;;a:2:{s:4:&quot;text&quot;;s:19:&quot;Je pose ma question&quot;;s:3:&quot;url&quot;;a:1:{i:0;a:2:{s:13:&quot;acf_fc_layout&quot;;s:8:&quot;internal&quot;;s:3:&quot;url&quot;;s:49:&quot;https:\/\/www.tous-acteurs-des-savoie.coop\/contact\/&quot;;}}}}s:8:&quot;previous&quot;;a:8:{s:5:&quot;title&quot;;s:71:&quot;derniere Assembl\u00e9e G\u00e9n\u00e9rale : 2025 &nbsp; &quot;;s:4:&quot;text&quot;;s:84:&quot;La derni\u00e8re Assembl\u00e9e G\u00e9n\u00e9rale de votre Caisse Locale a eu lieu en 2025. &quot;;s:4:&quot;when&quot;;s:19:&quot;2025-03-11 19:00:00&quot;;s:7:&quot;address&quot;;s:46:&quot;247 Route du Palais des Sports - 74120 Meg\u00e8ve&quot;;s:4:&quot;name&quot;;s:121:&quot;Th\u00e8me local : Mailles et B\u00e9guines : Voyage \u00e0 travers l\u2019histoire et les traditions d\u2019un patrimoine culturel vivant.&quot;;s:3:&quot;img&quot;;b:0;s:7:&quot;details&quot;;s:0:&quot;&quot;;s:4:&quot;link&quot;;a:2:{s:4:&quot;text&quot;;s:0:&quot;&quot;;s:3:&quot;url&quot;;b:0;}}s:9:&quot;president&quot;;a:5:{s:6:&quot;center&quot;;b:0;s:3:&quot;img&quot;;i:4434;s:12:&quot;img-position&quot;;s:4:&quot;left&quot;;s:4:&quot;name&quot;;s:12:&quot;MURIEL ROUX &quot;;s:8:&quot;position&quot;;s:32:&quot;Pr\u00e9sidente de la Caisse Locale &quot;;}s:5:&quot;video&quot;;a:1:{s:5:&quot;video&quot;;s:353:&quot;&quot;;}s:4:&quot;imgs&quot;;b:0;s:8:&quot;gallerie&quot;;a:1:{s:4:&quot;imgs&quot;;b:0;}}\" \/>\n<meta property=\"og:url\" content=\"https:\/\/www.tous-acteurs-des-savoie.coop\/caisses-locales\/haut-val-darly-megeve\/\" \/>\n<meta property=\"og:site_name\" content=\"Tous Acteurs des Savoie\" \/>\n<meta property=\"article:modified_time\" content=\"2026-01-15T19:43:47+00:00\" \/>\n<meta name=\"twitter:card\" content=\"summary_large_image\" \/>\n<script type=\"application\/ld+json\" class=\"yoast-schema-graph\">{\"@context\":\"https:\/\/schema.org\",\"@graph\":[{\"@type\":\"WebPage\",\"@id\":\"https:\/\/www.tous-acteurs-des-savoie.coop\/caisses-locales\/haut-val-darly-megeve\/\",\"url\":\"https:\/\/www.tous-acteurs-des-savoie.coop\/caisses-locales\/haut-val-darly-megeve\/\",\"name\":\"HAUT VAL D'ARLY-MEG\u00c8VE - Tous Acteurs des Savoie\",\"isPartOf\":{\"@id\":\"https:\/\/www.tous-acteurs-des-savoie.coop\/#website\"},\"datePublished\":\"2022-09-14T10:05:50+00:00\",\"dateModified\":\"2026-01-15T19:43:47+00:00\",\"breadcrumb\":{\"@id\":\"https:\/\/www.tous-acteurs-des-savoie.coop\/caisses-locales\/haut-val-darly-megeve\/#breadcrumb\"},\"inLanguage\":\"fr-FR\",\"potentialAction\":[{\"@type\":\"ReadAction\",\"target\":[\"https:\/\/www.tous-acteurs-des-savoie.coop\/caisses-locales\/haut-val-darly-megeve\/\"]}]},{\"@type\":\"BreadcrumbList\",\"@id\":\"https:\/\/www.tous-acteurs-des-savoie.coop\/caisses-locales\/haut-val-darly-megeve\/#breadcrumb\",\"itemListElement\":[{\"@type\":\"ListItem\",\"position\":1,\"name\":\"Home\",\"item\":\"https:\/\/www.tous-acteurs-des-savoie.coop\/\"},{\"@type\":\"ListItem\",\"position\":2,\"name\":\"Caisses Locales\",\"item\":\"https:\/\/www.tous-acteurs-des-savoie.coop\/caisses-locales\/\"},{\"@type\":\"ListItem\",\"position\":3,\"name\":\"HAUT VAL D&rsquo;ARLY-MEG\u00c8VE\"}]},{\"@type\":\"WebSite\",\"@id\":\"https:\/\/www.tous-acteurs-des-savoie.coop\/#website\",\"url\":\"https:\/\/www.tous-acteurs-des-savoie.coop\/\",\"name\":\"Tous Acteurs des Savoie\",\"description\":\"\",\"potentialAction\":[{\"@type\":\"SearchAction\",\"target\":{\"@type\":\"EntryPoint\",\"urlTemplate\":\"https:\/\/www.tous-acteurs-des-savoie.coop\/?s={search_term_string}\"},\"query-input\":{\"@type\":\"PropertyValueSpecification\",\"valueRequired\":true,\"valueName\":\"search_term_string\"}}],\"inLanguage\":\"fr-FR\"}]}<\/script>\n<!-- \/ Yoast SEO plugin. -->","yoast_head_json":{"title":"HAUT VAL D'ARLY-MEG\u00c8VE - Tous Acteurs des Savoie","robots":{"index":"index","follow":"follow","max-snippet":"max-snippet:-1","max-image-preview":"max-image-preview:large","max-video-preview":"max-video-preview:-1"},"canonical":"https:\/\/www.tous-acteurs-des-savoie.coop\/caisses-locales\/haut-val-darly-megeve\/","og_locale":"fr_FR","og_type":"article","og_title":"HAUT VAL D'ARLY-MEG\u00c8VE - Tous Acteurs des Savoie","og_description":"a:11:{s:5:\"cover\";a:3:{s:3:\"img\";i:1084;s:5:\"title\";s:56:\"CAISSE LOCALE DU HAUT VAL D&rsquo;ARLY-MEG\u00c8VE \";s:4:\"text\";s:0:\"\";}s:4:\"list\";a:2:{s:5:\"photo\";i:1084;s:5:\"title\";s:56:\"CAISSE LOCALE DU HAUT VAL D&rsquo;ARLY-MEG\u00c8VE \";}s:7:\"address\";s:38:\"36, rue G\u00e9n\u00e9ral Muffat 74120 MEG\u00c8VE\";s:3:\"map\";a:13:{s:7:\"address\";s:88:\"Cr\u00e9dit Agricole - MEGEVE, Rue du G\u00e9n\u00e9ral Muffat de Saint-Amour, 74120 Meg\u00e8ve, France\";s:3:\"lat\";d:45.858132;s:3:\"lng\";d:6.6192599;s:4:\"zoom\";i:14;s:8:\"place_id\";s:27:\"ChIJUUy-HMnii0cRhUWJu43bLOI\";s:4:\"name\";s:25:\"Cr\u00e9dit Agricole - MEGEVE\";s:13:\"street_number\";s:2:\"36\";s:11:\"street_name\";s:38:\"Rue du G\u00e9n\u00e9ral Muffat de Saint-Amour\";s:4:\"city\";s:7:\"Meg\u00e8ve\";s:5:\"state\";s:21:\"Auvergne-Rh\u00f4ne-Alpes\";s:9:\"post_code\";s:5:\"74120\";s:7:\"country\";s:6:\"France\";s:13:\"country_short\";s:2:\"FR\";}s:14:\"administration\";a:2:{s:5:\"title\";s:56:\"Conseil d\u2019administration de la caisse locale \";s:9:\"employees\";a:13:{i:0;a:2:{s:4:\"name\";s:17:\"ALINE CAUZLOSQUY \";s:8:\"position\";s:15:\"Administratrice\";}i:1;a:2:{s:4:\"name\";s:15:\"CLAUDE CHAMBEL \";s:8:\"position\";s:14:\"Administrateur\";}i:2;a:2:{s:4:\"name\";s:15:\"OLIVIER CONSEIL\";s:8:\"position\";s:14:\"Administrateur\";}i:3;a:2:{s:4:\"name\";s:14:\"CHANTAL DUBOIS\";s:8:\"position\";s:15:\"Administratrice\";}i:4;a:2:{s:4:\"name\";s:16:\"DOMINIQUE DUCREY\";s:8:\"position\";s:16:\"Vice-Pr\u00e9sidente\";}i:5;a:2:{s:4:\"name\";s:20:\"CLAUDE GROSSET-JANIN\";s:8:\"position\";s:15:\"Vice-Pr\u00e9sident\";}i:6;a:2:{s:4:\"name\";s:14:\"DIDIER GUIBERT\";s:8:\"position\";s:14:\"Administrateur\";}i:7;a:2:{s:4:\"name\";s:12:\"LIONEL MELLA\";s:8:\"position\";s:14:\"Administrateur\";}i:8;a:2:{s:4:\"name\";s:15:\"SEBASTIEN PAGET\";s:8:\"position\";s:14:\"Administrateur\";}i:9;a:2:{s:4:\"name\";s:13:\"PERRIN FABIEN\";s:8:\"position\";s:14:\"Administrateur\";}i:10;a:2:{s:4:\"name\";s:13:\"JOCELYNE REY \";s:8:\"position\";s:15:\"Administratrice\";}i:11;a:2:{s:4:\"name\";s:18:\"ERIC SOCQUET-CLERC\";s:8:\"position\";s:15:\"Administrateur \";}i:12;a:2:{s:4:\"name\";s:19:\"THERESE FAVRE FELIX\";s:8:\"position\";s:11:\"Secr\u00e9taire\";}}}s:4:\"next\";a:8:{s:5:\"title\";s:38:\"Future Assembl\u00e9e G\u00e9n\u00e9rale \";s:4:\"text\";s:28:\"&nbsp; &nbsp; \";s:4:\"when\";s:19:\"2026-03-24 19:30:00\";s:7:\"address\";s:46:\"247 Route du Palais des Sports - 74120 Meg\u00e8ve\";s:4:\"name\";s:61:\"Th\u00e8me local : Les enjeux de la gestion locale de nos for\u00eats\";s:3:\"img\";b:0;s:7:\"details\";s:655:\"Il est temps de nous rencontrer \u00e0 nouveau pour vous informer des \u00e9volutions de votre banque coop\u00e9rative et mutualiste. Cette soir\u00e9e sera aussi l\u2019occasion d\u2019\u00e9changer sur l\u2019activit\u00e9 et le fonctionnement du Cr\u00e9dit Agricole des Savoie. Vous pourrez vous exprimer en tant que soci\u00e9taire et acteur du territoire. Venez d\u00e9couvrir le th\u00e8me que les administrateurs de votre Caisse Locale ont choisi de vous pr\u00e9senter ! Un cadeau de bienvenue vous sera remis \u00e0 votre arriv\u00e9e. Un repas cl\u00f4turera la soir\u00e9e. Vous avez des questions \u00e0 poser \u00e0 votre Caisse Locale ? Envoyez-nous un message. \";s:4:\"link\";a:2:{s:4:\"text\";s:19:\"Je pose ma question\";s:3:\"url\";a:1:{i:0;a:2:{s:13:\"acf_fc_layout\";s:8:\"internal\";s:3:\"url\";s:49:\"https:\/\/www.tous-acteurs-des-savoie.coop\/contact\/\";}}}}s:8:\"previous\";a:8:{s:5:\"title\";s:71:\"derniere Assembl\u00e9e G\u00e9n\u00e9rale : 2025 &nbsp; \";s:4:\"text\";s:84:\"La derni\u00e8re Assembl\u00e9e G\u00e9n\u00e9rale de votre Caisse Locale a eu lieu en 2025. \";s:4:\"when\";s:19:\"2025-03-11 19:00:00\";s:7:\"address\";s:46:\"247 Route du Palais des Sports - 74120 Meg\u00e8ve\";s:4:\"name\";s:121:\"Th\u00e8me local : Mailles et B\u00e9guines : Voyage \u00e0 travers l\u2019histoire et les traditions d\u2019un patrimoine culturel vivant.\";s:3:\"img\";b:0;s:7:\"details\";s:0:\"\";s:4:\"link\";a:2:{s:4:\"text\";s:0:\"\";s:3:\"url\";b:0;}}s:9:\"president\";a:5:{s:6:\"center\";b:0;s:3:\"img\";i:4434;s:12:\"img-position\";s:4:\"left\";s:4:\"name\";s:12:\"MURIEL ROUX \";s:8:\"position\";s:32:\"Pr\u00e9sidente de la Caisse Locale \";}s:5:\"video\";a:1:{s:5:\"video\";s:353:\"\";}s:4:\"imgs\";b:0;s:8:\"gallerie\";a:1:{s:4:\"imgs\";b:0;}}","og_url":"https:\/\/www.tous-acteurs-des-savoie.coop\/caisses-locales\/haut-val-darly-megeve\/","og_site_name":"Tous Acteurs des Savoie","article_modified_time":"2026-01-15T19:43:47+00:00","twitter_card":"summary_large_image","schema":{"@context":"https:\/\/schema.org","@graph":[{"@type":"WebPage","@id":"https:\/\/www.tous-acteurs-des-savoie.coop\/caisses-locales\/haut-val-darly-megeve\/","url":"https:\/\/www.tous-acteurs-des-savoie.coop\/caisses-locales\/haut-val-darly-megeve\/","name":"HAUT VAL D'ARLY-MEG\u00c8VE - Tous Acteurs des Savoie","isPartOf":{"@id":"https:\/\/www.tous-acteurs-des-savoie.coop\/#website"},"datePublished":"2022-09-14T10:05:50+00:00","dateModified":"2026-01-15T19:43:47+00:00","breadcrumb":{"@id":"https:\/\/www.tous-acteurs-des-savoie.coop\/caisses-locales\/haut-val-darly-megeve\/#breadcrumb"},"inLanguage":"fr-FR","potentialAction":[{"@type":"ReadAction","target":["https:\/\/www.tous-acteurs-des-savoie.coop\/caisses-locales\/haut-val-darly-megeve\/"]}]},{"@type":"BreadcrumbList","@id":"https:\/\/www.tous-acteurs-des-savoie.coop\/caisses-locales\/haut-val-darly-megeve\/#breadcrumb","itemListElement":[{"@type":"ListItem","position":1,"name":"Home","item":"https:\/\/www.tous-acteurs-des-savoie.coop\/"},{"@type":"ListItem","position":2,"name":"Caisses Locales","item":"https:\/\/www.tous-acteurs-des-savoie.coop\/caisses-locales\/"},{"@type":"ListItem","position":3,"name":"HAUT VAL D&rsquo;ARLY-MEG\u00c8VE"}]},{"@type":"WebSite","@id":"https:\/\/www.tous-acteurs-des-savoie.coop\/#website","url":"https:\/\/www.tous-acteurs-des-savoie.coop\/","name":"Tous Acteurs des Savoie","description":"","potentialAction":[{"@type":"SearchAction","target":{"@type":"EntryPoint","urlTemplate":"https:\/\/www.tous-acteurs-des-savoie.coop\/?s={search_term_string}"},"query-input":{"@type":"PropertyValueSpecification","valueRequired":true,"valueName":"search_term_string"}}],"inLanguage":"fr-FR"}]}},"_links":{"self":[{"href":"https:\/\/www.tous-acteurs-des-savoie.coop\/tads-api\/wp\/v2\/caisse\/1601","targetHints":{"allow":["GET"]}}],"collection":[{"href":"https:\/\/www.tous-acteurs-des-savoie.coop\/tads-api\/wp\/v2\/caisse"}],"about":[{"href":"https:\/\/www.tous-acteurs-des-savoie.coop\/tads-api\/wp\/v2\/types\/caisse"}],"wp:attachment":[{"href":"https:\/\/www.tous-acteurs-des-savoie.coop\/tads-api\/wp\/v2\/media?parent=1601"}],"curies":[{"name":"wp","href":"https:\/\/api.w.org\/{rel}","templated":true}]}}