{"id":1586,"date":"2022-09-14T12:05:49","date_gmt":"2022-09-14T10:05:49","guid":{"rendered":"https:\/\/www.tous-acteurs-des-savoie.coop\/caisses-locales\/challes-les-eaux\/"},"modified":"2026-01-15T20:36:20","modified_gmt":"2026-01-15T19:36:20","slug":"challes-les-eaux","status":"publish","type":"caisse","link":"https:\/\/www.tous-acteurs-des-savoie.coop\/caisses-locales\/challes-les-eaux\/","title":{"rendered":"CHALLES-LES-EAUX"},"template":"","class_list":["post-1586","caisse","type-caisse","status-publish","hentry"],"acf":[],"yoast_head":"<!-- This site is optimized with the Yoast SEO plugin v23.4 - https:\/\/yoast.com\/wordpress\/plugins\/seo\/ -->\n<title>CHALLES-LES-EAUX - Tous Acteurs des Savoie<\/title>\n<meta name=\"robots\" content=\"index, follow, max-snippet:-1, max-image-preview:large, max-video-preview:-1\" \/>\n<link rel=\"canonical\" href=\"https:\/\/www.tous-acteurs-des-savoie.coop\/caisses-locales\/challes-les-eaux\/\" \/>\n<meta property=\"og:locale\" content=\"fr_FR\" \/>\n<meta property=\"og:type\" content=\"article\" \/>\n<meta property=\"og:title\" content=\"CHALLES-LES-EAUX - Tous Acteurs des Savoie\" \/>\n<meta property=\"og:description\" content=\"a:11:{s:5:&quot;cover&quot;;a:3:{s:3:&quot;img&quot;;i:1061;s:5:&quot;title&quot;;s:43:&quot;CAISSE LOCALE DE CHALLES-LES-EAUX &quot;;s:4:&quot;text&quot;;s:0:&quot;&quot;;}s:4:&quot;list&quot;;a:2:{s:5:&quot;photo&quot;;i:1061;s:5:&quot;title&quot;;s:43:&quot;CAISSE LOCALE DE CHALLES-LES-EAUX &quot;;}s:7:&quot;address&quot;;s:85:&quot;Immeuble Les Terrasses de Challes - 1308, avenue de Chamb\u00e9ry 73190 CHALLES-LES-EAUX&quot;;s:3:&quot;map&quot;;a:14:{s:7:&quot;address&quot;;s:120:&quot;Cr\u00e9dit Agricole - CHALLES-LES-EAUX, Immeuble les Terrasses de, 1308 Avenue de Chamb\u00e9ry, 73190 Challes-les-Eaux, France&quot;;s:3:&quot;lat&quot;;d:45.54900079999999;s:3:&quot;lng&quot;;d:5.9844513;s:4:&quot;zoom&quot;;i:14;s:8:&quot;place_id&quot;;s:27:&quot;ChIJB-awDeaui0cRr5H-b_tXpGg&quot;;s:4:&quot;name&quot;;s:35:&quot;Cr\u00e9dit Agricole - CHALLES-LES-EAUX&quot;;s:13:&quot;street_number&quot;;s:4:&quot;1308&quot;;s:11:&quot;street_name&quot;;s:19:&quot;Avenue de Chamb\u00e9ry&quot;;s:17:&quot;street_name_short&quot;;s:16:&quot;Av. de Chamb\u00e9ry&quot;;s:4:&quot;city&quot;;s:16:&quot;Challes-les-Eaux&quot;;s:5:&quot;state&quot;;s:21:&quot;Auvergne-Rh\u00f4ne-Alpes&quot;;s:9:&quot;post_code&quot;;s:5:&quot;73190&quot;;s:7:&quot;country&quot;;s:6:&quot;France&quot;;s:13:&quot;country_short&quot;;s:2:&quot;FR&quot;;}s:9:&quot;president&quot;;a:5:{s:6:&quot;center&quot;;b:0;s:3:&quot;img&quot;;i:989;s:12:&quot;img-position&quot;;s:4:&quot;left&quot;;s:4:&quot;name&quot;;s:15:&quot;ALAIN PETITJEAN&quot;;s:8:&quot;position&quot;;s:10:&quot;Pr\u00e9sident&quot;;}s:14:&quot;administration&quot;;a:2:{s:5:&quot;title&quot;;s:56:&quot;Conseil d\u2019administration de la caisse locale &quot;;s:9:&quot;employees&quot;;a:12:{i:0;a:2:{s:4:&quot;name&quot;;s:15:&quot;STEPHANE ABADIE&quot;;s:8:&quot;position&quot;;s:14:&quot;Administrateur&quot;;}i:1;a:2:{s:4:&quot;name&quot;;s:19:&quot;DANIEL ALESSANDRINI&quot;;s:8:&quot;position&quot;;s:14:&quot;Administrateur&quot;;}i:2;a:2:{s:4:&quot;name&quot;;s:14:&quot;LAURENCE ARBEZ&quot;;s:8:&quot;position&quot;;s:16:&quot;Vice-Pr\u00e9sidente&quot;;}i:3;a:2:{s:4:&quot;name&quot;;s:15:&quot;MARTINE ARNAUD &quot;;s:8:&quot;position&quot;;s:16:&quot;Vice-Pr\u00e9sidente&quot;;}i:4;a:2:{s:4:&quot;name&quot;;s:12:&quot;ALDO COLICCI&quot;;s:8:&quot;position&quot;;s:14:&quot;Administrateur&quot;;}i:5;a:2:{s:4:&quot;name&quot;;s:12:&quot;BRUNO GERBAL&quot;;s:8:&quot;position&quot;;s:14:&quot;Administrateur&quot;;}i:6;a:2:{s:4:&quot;name&quot;;s:20:&quot;SAMUEL GIRARD-MADOUX&quot;;s:8:&quot;position&quot;;s:14:&quot;Administrateur&quot;;}i:7;a:2:{s:4:&quot;name&quot;;s:20:&quot;CATHERINE GUGENHEIM &quot;;s:8:&quot;position&quot;;s:14:&quot;Administrateur&quot;;}i:8;a:2:{s:4:&quot;name&quot;;s:18:&quot;JEAN-YVES JACQUIER&quot;;s:8:&quot;position&quot;;s:14:&quot;Administrateur&quot;;}i:9;a:2:{s:4:&quot;name&quot;;s:13:&quot;FABIEN MASSON&quot;;s:8:&quot;position&quot;;s:14:&quot;Administrateur&quot;;}i:10;a:2:{s:4:&quot;name&quot;;s:15:&quot;PHILIPPE POLLET&quot;;s:8:&quot;position&quot;;s:14:&quot;Administrateur&quot;;}i:11;a:2:{s:4:&quot;name&quot;;s:18:&quot;B\u00e9atrice VALLOIRE&quot;;s:8:&quot;position&quot;;s:11:&quot;Secr\u00e9taire&quot;;}}}s:4:&quot;next&quot;;a:8:{s:5:&quot;title&quot;;s:38:&quot;Future Assembl\u00e9e G\u00e9n\u00e9rale &quot;;s:4:&quot;text&quot;;s:0:&quot;&quot;;s:4:&quot;when&quot;;s:19:&quot;2026-03-25 19:00:00&quot;;s:7:&quot;address&quot;;s:63:&quot;Espace Bellevarde - 129 avenue du parc - 73190 CHALLES-LES-EAUX&quot;;s:4:&quot;name&quot;;s:109:&quot;Th\u00e8me local : Le Lyc\u00e9e h\u00f4telier de Challes les Eaux et son projet de lutte conre le gaspillage alimentaire&quot;;s:3:&quot;img&quot;;b:0;s:7:&quot;details&quot;;s:655:&quot;Il est temps de nous rencontrer \u00e0 nouveau pour vous informer des \u00e9volutions de votre banque coop\u00e9rative et mutualiste. Cette soir\u00e9e sera aussi l\u2019occasion d\u2019\u00e9changer sur l\u2019activit\u00e9 et le fonctionnement du Cr\u00e9dit Agricole des Savoie. Vous pourrez vous exprimer en tant que soci\u00e9taire et acteur du territoire. Venez d\u00e9couvrir le th\u00e8me que les administrateurs de votre Caisse Locale ont choisi de vous pr\u00e9senter ! Un cadeau de bienvenue vous sera remis \u00e0 votre arriv\u00e9e. Un repas cl\u00f4turera la soir\u00e9e. Vous avez des questions \u00e0 poser \u00e0 votre Caisse Locale ? Envoyez-nous un message. &quot;;s:4:&quot;link&quot;;a:2:{s:4:&quot;text&quot;;s:19:&quot;Je pose ma question&quot;;s:3:&quot;url&quot;;a:1:{i:0;a:2:{s:13:&quot;acf_fc_layout&quot;;s:8:&quot;internal&quot;;s:3:&quot;url&quot;;s:49:&quot;https:\/\/www.tous-acteurs-des-savoie.coop\/contact\/&quot;;}}}}s:8:&quot;previous&quot;;a:8:{s:5:&quot;title&quot;;s:44:&quot;DERNIERE ASSEMBLEE GENERALE : 2025 &quot;;s:4:&quot;text&quot;;s:84:&quot;La derni\u00e8re Assembl\u00e9e G\u00e9n\u00e9rale de votre Caisse Locale a eu lieu en 2025. &quot;;s:4:&quot;when&quot;;s:19:&quot;2025-03-19 19:00:00&quot;;s:7:&quot;address&quot;;s:63:&quot;Espace Bellevarde - 129 avenue du parc - 73190 CHALLES-LES-EAUX&quot;;s:4:&quot;name&quot;;s:118:&quot;Th\u00e8me local : Un Jardin maraicher au c\u0153ur de Challes : d\u00e9couverte du m\u00e9tier et r\u00e9flexion sur la gestion de l&#039;eau.&quot;;s:3:&quot;img&quot;;b:0;s:7:&quot;details&quot;;s:0:&quot;&quot;;s:4:&quot;link&quot;;a:2:{s:4:&quot;text&quot;;s:0:&quot;&quot;;s:3:&quot;url&quot;;b:0;}}s:5:&quot;video&quot;;a:1:{s:5:&quot;video&quot;;s:332:&quot;&quot;;}s:4:&quot;imgs&quot;;b:0;s:8:&quot;gallerie&quot;;a:1:{s:4:&quot;imgs&quot;;b:0;}}\" \/>\n<meta property=\"og:url\" content=\"https:\/\/www.tous-acteurs-des-savoie.coop\/caisses-locales\/challes-les-eaux\/\" \/>\n<meta property=\"og:site_name\" content=\"Tous Acteurs des Savoie\" \/>\n<meta property=\"article:modified_time\" content=\"2026-01-15T19:36:20+00:00\" \/>\n<meta name=\"twitter:card\" content=\"summary_large_image\" \/>\n<script type=\"application\/ld+json\" class=\"yoast-schema-graph\">{\"@context\":\"https:\/\/schema.org\",\"@graph\":[{\"@type\":\"WebPage\",\"@id\":\"https:\/\/www.tous-acteurs-des-savoie.coop\/caisses-locales\/challes-les-eaux\/\",\"url\":\"https:\/\/www.tous-acteurs-des-savoie.coop\/caisses-locales\/challes-les-eaux\/\",\"name\":\"CHALLES-LES-EAUX - Tous Acteurs des Savoie\",\"isPartOf\":{\"@id\":\"https:\/\/www.tous-acteurs-des-savoie.coop\/#website\"},\"datePublished\":\"2022-09-14T10:05:49+00:00\",\"dateModified\":\"2026-01-15T19:36:20+00:00\",\"breadcrumb\":{\"@id\":\"https:\/\/www.tous-acteurs-des-savoie.coop\/caisses-locales\/challes-les-eaux\/#breadcrumb\"},\"inLanguage\":\"fr-FR\",\"potentialAction\":[{\"@type\":\"ReadAction\",\"target\":[\"https:\/\/www.tous-acteurs-des-savoie.coop\/caisses-locales\/challes-les-eaux\/\"]}]},{\"@type\":\"BreadcrumbList\",\"@id\":\"https:\/\/www.tous-acteurs-des-savoie.coop\/caisses-locales\/challes-les-eaux\/#breadcrumb\",\"itemListElement\":[{\"@type\":\"ListItem\",\"position\":1,\"name\":\"Home\",\"item\":\"https:\/\/www.tous-acteurs-des-savoie.coop\/\"},{\"@type\":\"ListItem\",\"position\":2,\"name\":\"Caisses Locales\",\"item\":\"https:\/\/www.tous-acteurs-des-savoie.coop\/caisses-locales\/\"},{\"@type\":\"ListItem\",\"position\":3,\"name\":\"CHALLES-LES-EAUX\"}]},{\"@type\":\"WebSite\",\"@id\":\"https:\/\/www.tous-acteurs-des-savoie.coop\/#website\",\"url\":\"https:\/\/www.tous-acteurs-des-savoie.coop\/\",\"name\":\"Tous Acteurs des Savoie\",\"description\":\"\",\"potentialAction\":[{\"@type\":\"SearchAction\",\"target\":{\"@type\":\"EntryPoint\",\"urlTemplate\":\"https:\/\/www.tous-acteurs-des-savoie.coop\/?s={search_term_string}\"},\"query-input\":{\"@type\":\"PropertyValueSpecification\",\"valueRequired\":true,\"valueName\":\"search_term_string\"}}],\"inLanguage\":\"fr-FR\"}]}<\/script>\n<!-- \/ Yoast SEO plugin. -->","yoast_head_json":{"title":"CHALLES-LES-EAUX - Tous Acteurs des Savoie","robots":{"index":"index","follow":"follow","max-snippet":"max-snippet:-1","max-image-preview":"max-image-preview:large","max-video-preview":"max-video-preview:-1"},"canonical":"https:\/\/www.tous-acteurs-des-savoie.coop\/caisses-locales\/challes-les-eaux\/","og_locale":"fr_FR","og_type":"article","og_title":"CHALLES-LES-EAUX - Tous Acteurs des Savoie","og_description":"a:11:{s:5:\"cover\";a:3:{s:3:\"img\";i:1061;s:5:\"title\";s:43:\"CAISSE LOCALE DE CHALLES-LES-EAUX \";s:4:\"text\";s:0:\"\";}s:4:\"list\";a:2:{s:5:\"photo\";i:1061;s:5:\"title\";s:43:\"CAISSE LOCALE DE CHALLES-LES-EAUX \";}s:7:\"address\";s:85:\"Immeuble Les Terrasses de Challes - 1308, avenue de Chamb\u00e9ry 73190 CHALLES-LES-EAUX\";s:3:\"map\";a:14:{s:7:\"address\";s:120:\"Cr\u00e9dit Agricole - CHALLES-LES-EAUX, Immeuble les Terrasses de, 1308 Avenue de Chamb\u00e9ry, 73190 Challes-les-Eaux, France\";s:3:\"lat\";d:45.54900079999999;s:3:\"lng\";d:5.9844513;s:4:\"zoom\";i:14;s:8:\"place_id\";s:27:\"ChIJB-awDeaui0cRr5H-b_tXpGg\";s:4:\"name\";s:35:\"Cr\u00e9dit Agricole - CHALLES-LES-EAUX\";s:13:\"street_number\";s:4:\"1308\";s:11:\"street_name\";s:19:\"Avenue de Chamb\u00e9ry\";s:17:\"street_name_short\";s:16:\"Av. de Chamb\u00e9ry\";s:4:\"city\";s:16:\"Challes-les-Eaux\";s:5:\"state\";s:21:\"Auvergne-Rh\u00f4ne-Alpes\";s:9:\"post_code\";s:5:\"73190\";s:7:\"country\";s:6:\"France\";s:13:\"country_short\";s:2:\"FR\";}s:9:\"president\";a:5:{s:6:\"center\";b:0;s:3:\"img\";i:989;s:12:\"img-position\";s:4:\"left\";s:4:\"name\";s:15:\"ALAIN PETITJEAN\";s:8:\"position\";s:10:\"Pr\u00e9sident\";}s:14:\"administration\";a:2:{s:5:\"title\";s:56:\"Conseil d\u2019administration de la caisse locale \";s:9:\"employees\";a:12:{i:0;a:2:{s:4:\"name\";s:15:\"STEPHANE ABADIE\";s:8:\"position\";s:14:\"Administrateur\";}i:1;a:2:{s:4:\"name\";s:19:\"DANIEL ALESSANDRINI\";s:8:\"position\";s:14:\"Administrateur\";}i:2;a:2:{s:4:\"name\";s:14:\"LAURENCE ARBEZ\";s:8:\"position\";s:16:\"Vice-Pr\u00e9sidente\";}i:3;a:2:{s:4:\"name\";s:15:\"MARTINE ARNAUD \";s:8:\"position\";s:16:\"Vice-Pr\u00e9sidente\";}i:4;a:2:{s:4:\"name\";s:12:\"ALDO COLICCI\";s:8:\"position\";s:14:\"Administrateur\";}i:5;a:2:{s:4:\"name\";s:12:\"BRUNO GERBAL\";s:8:\"position\";s:14:\"Administrateur\";}i:6;a:2:{s:4:\"name\";s:20:\"SAMUEL GIRARD-MADOUX\";s:8:\"position\";s:14:\"Administrateur\";}i:7;a:2:{s:4:\"name\";s:20:\"CATHERINE GUGENHEIM \";s:8:\"position\";s:14:\"Administrateur\";}i:8;a:2:{s:4:\"name\";s:18:\"JEAN-YVES JACQUIER\";s:8:\"position\";s:14:\"Administrateur\";}i:9;a:2:{s:4:\"name\";s:13:\"FABIEN MASSON\";s:8:\"position\";s:14:\"Administrateur\";}i:10;a:2:{s:4:\"name\";s:15:\"PHILIPPE POLLET\";s:8:\"position\";s:14:\"Administrateur\";}i:11;a:2:{s:4:\"name\";s:18:\"B\u00e9atrice VALLOIRE\";s:8:\"position\";s:11:\"Secr\u00e9taire\";}}}s:4:\"next\";a:8:{s:5:\"title\";s:38:\"Future Assembl\u00e9e G\u00e9n\u00e9rale \";s:4:\"text\";s:0:\"\";s:4:\"when\";s:19:\"2026-03-25 19:00:00\";s:7:\"address\";s:63:\"Espace Bellevarde - 129 avenue du parc - 73190 CHALLES-LES-EAUX\";s:4:\"name\";s:109:\"Th\u00e8me local : Le Lyc\u00e9e h\u00f4telier de Challes les Eaux et son projet de lutte conre le gaspillage alimentaire\";s:3:\"img\";b:0;s:7:\"details\";s:655:\"Il est temps de nous rencontrer \u00e0 nouveau pour vous informer des \u00e9volutions de votre banque coop\u00e9rative et mutualiste. Cette soir\u00e9e sera aussi l\u2019occasion d\u2019\u00e9changer sur l\u2019activit\u00e9 et le fonctionnement du Cr\u00e9dit Agricole des Savoie. Vous pourrez vous exprimer en tant que soci\u00e9taire et acteur du territoire. Venez d\u00e9couvrir le th\u00e8me que les administrateurs de votre Caisse Locale ont choisi de vous pr\u00e9senter ! Un cadeau de bienvenue vous sera remis \u00e0 votre arriv\u00e9e. Un repas cl\u00f4turera la soir\u00e9e. Vous avez des questions \u00e0 poser \u00e0 votre Caisse Locale ? Envoyez-nous un message. \";s:4:\"link\";a:2:{s:4:\"text\";s:19:\"Je pose ma question\";s:3:\"url\";a:1:{i:0;a:2:{s:13:\"acf_fc_layout\";s:8:\"internal\";s:3:\"url\";s:49:\"https:\/\/www.tous-acteurs-des-savoie.coop\/contact\/\";}}}}s:8:\"previous\";a:8:{s:5:\"title\";s:44:\"DERNIERE ASSEMBLEE GENERALE : 2025 \";s:4:\"text\";s:84:\"La derni\u00e8re Assembl\u00e9e G\u00e9n\u00e9rale de votre Caisse Locale a eu lieu en 2025. \";s:4:\"when\";s:19:\"2025-03-19 19:00:00\";s:7:\"address\";s:63:\"Espace Bellevarde - 129 avenue du parc - 73190 CHALLES-LES-EAUX\";s:4:\"name\";s:118:\"Th\u00e8me local : Un Jardin maraicher au c\u0153ur de Challes : d\u00e9couverte du m\u00e9tier et r\u00e9flexion sur la gestion de l'eau.\";s:3:\"img\";b:0;s:7:\"details\";s:0:\"\";s:4:\"link\";a:2:{s:4:\"text\";s:0:\"\";s:3:\"url\";b:0;}}s:5:\"video\";a:1:{s:5:\"video\";s:332:\"\";}s:4:\"imgs\";b:0;s:8:\"gallerie\";a:1:{s:4:\"imgs\";b:0;}}","og_url":"https:\/\/www.tous-acteurs-des-savoie.coop\/caisses-locales\/challes-les-eaux\/","og_site_name":"Tous Acteurs des Savoie","article_modified_time":"2026-01-15T19:36:20+00:00","twitter_card":"summary_large_image","schema":{"@context":"https:\/\/schema.org","@graph":[{"@type":"WebPage","@id":"https:\/\/www.tous-acteurs-des-savoie.coop\/caisses-locales\/challes-les-eaux\/","url":"https:\/\/www.tous-acteurs-des-savoie.coop\/caisses-locales\/challes-les-eaux\/","name":"CHALLES-LES-EAUX - Tous Acteurs des Savoie","isPartOf":{"@id":"https:\/\/www.tous-acteurs-des-savoie.coop\/#website"},"datePublished":"2022-09-14T10:05:49+00:00","dateModified":"2026-01-15T19:36:20+00:00","breadcrumb":{"@id":"https:\/\/www.tous-acteurs-des-savoie.coop\/caisses-locales\/challes-les-eaux\/#breadcrumb"},"inLanguage":"fr-FR","potentialAction":[{"@type":"ReadAction","target":["https:\/\/www.tous-acteurs-des-savoie.coop\/caisses-locales\/challes-les-eaux\/"]}]},{"@type":"BreadcrumbList","@id":"https:\/\/www.tous-acteurs-des-savoie.coop\/caisses-locales\/challes-les-eaux\/#breadcrumb","itemListElement":[{"@type":"ListItem","position":1,"name":"Home","item":"https:\/\/www.tous-acteurs-des-savoie.coop\/"},{"@type":"ListItem","position":2,"name":"Caisses Locales","item":"https:\/\/www.tous-acteurs-des-savoie.coop\/caisses-locales\/"},{"@type":"ListItem","position":3,"name":"CHALLES-LES-EAUX"}]},{"@type":"WebSite","@id":"https:\/\/www.tous-acteurs-des-savoie.coop\/#website","url":"https:\/\/www.tous-acteurs-des-savoie.coop\/","name":"Tous Acteurs des Savoie","description":"","potentialAction":[{"@type":"SearchAction","target":{"@type":"EntryPoint","urlTemplate":"https:\/\/www.tous-acteurs-des-savoie.coop\/?s={search_term_string}"},"query-input":{"@type":"PropertyValueSpecification","valueRequired":true,"valueName":"search_term_string"}}],"inLanguage":"fr-FR"}]}},"_links":{"self":[{"href":"https:\/\/www.tous-acteurs-des-savoie.coop\/tads-api\/wp\/v2\/caisse\/1586","targetHints":{"allow":["GET"]}}],"collection":[{"href":"https:\/\/www.tous-acteurs-des-savoie.coop\/tads-api\/wp\/v2\/caisse"}],"about":[{"href":"https:\/\/www.tous-acteurs-des-savoie.coop\/tads-api\/wp\/v2\/types\/caisse"}],"wp:attachment":[{"href":"https:\/\/www.tous-acteurs-des-savoie.coop\/tads-api\/wp\/v2\/media?parent=1586"}],"curies":[{"name":"wp","href":"https:\/\/api.w.org\/{rel}","templated":true}]}}