{"id":1571,"date":"2022-09-14T12:05:47","date_gmt":"2022-09-14T10:05:47","guid":{"rendered":"https:\/\/www.tous-acteurs-des-savoie.coop\/caisses-locales\/albertville\/"},"modified":"2025-12-15T09:48:47","modified_gmt":"2025-12-15T08:48:47","slug":"albertville-2","status":"publish","type":"caisse","link":"https:\/\/www.tous-acteurs-des-savoie.coop\/caisses-locales\/albertville-2\/","title":{"rendered":"ALBERTVILLE"},"template":"","class_list":["post-1571","caisse","type-caisse","status-publish","hentry"],"acf":[],"yoast_head":"<!-- This site is optimized with the Yoast SEO plugin v23.4 - https:\/\/yoast.com\/wordpress\/plugins\/seo\/ -->\n<title>ALBERTVILLE - Tous Acteurs des Savoie<\/title>\n<meta name=\"robots\" content=\"index, follow, max-snippet:-1, max-image-preview:large, max-video-preview:-1\" \/>\n<link rel=\"canonical\" href=\"https:\/\/www.tous-acteurs-des-savoie.coop\/caisses-locales\/albertville-2\/\" \/>\n<meta property=\"og:locale\" content=\"fr_FR\" \/>\n<meta property=\"og:type\" content=\"article\" \/>\n<meta property=\"og:title\" content=\"ALBERTVILLE - Tous Acteurs des Savoie\" \/>\n<meta property=\"og:description\" content=\"a:11:{s:5:&quot;cover&quot;;a:3:{s:3:&quot;img&quot;;i:1033;s:5:&quot;title&quot;;s:43:&quot;CAISSE LOCALE D&rsquo;ALBERTVILLE &quot;;s:4:&quot;text&quot;;s:0:&quot;&quot;;}s:4:&quot;list&quot;;a:2:{s:5:&quot;photo&quot;;i:1033;s:5:&quot;title&quot;;s:43:&quot;CAISSE LOCALE D&rsquo;ALBERTVILLE &quot;;}s:7:&quot;address&quot;;s:34:&quot;10, rue Gambetta 73200 ALBERTVILLE&quot;;s:3:&quot;map&quot;;a:13:{s:7:&quot;address&quot;;s:83:&quot;Cr\u00e9dit Agricole - ALBERTVILLE GAMBETTA, 10 Rue Gambetta, 73200 Albertville, France&quot;;s:3:&quot;lat&quot;;d:45.677046;s:3:&quot;lng&quot;;d:6.392667699999999;s:4:&quot;zoom&quot;;i:14;s:8:&quot;place_id&quot;;s:27:&quot;ChIJQ1hIGRDDi0cRKV0cUPbf9E8&quot;;s:4:&quot;name&quot;;s:39:&quot;Cr\u00e9dit Agricole - ALBERTVILLE GAMBETTA&quot;;s:13:&quot;street_number&quot;;s:2:&quot;10&quot;;s:11:&quot;street_name&quot;;s:12:&quot;Rue Gambetta&quot;;s:4:&quot;city&quot;;s:11:&quot;Albertville&quot;;s:5:&quot;state&quot;;s:21:&quot;Auvergne-Rh\u00f4ne-Alpes&quot;;s:9:&quot;post_code&quot;;s:5:&quot;73200&quot;;s:7:&quot;country&quot;;s:6:&quot;France&quot;;s:13:&quot;country_short&quot;;s:2:&quot;FR&quot;;}s:14:&quot;administration&quot;;a:2:{s:5:&quot;title&quot;;s:56:&quot;Conseil d\u2019administration de la caisse locale &quot;;s:9:&quot;employees&quot;;a:12:{i:0;a:2:{s:4:&quot;name&quot;;s:16:&quot;FREDERIC BRANCHE&quot;;s:8:&quot;position&quot;;s:14:&quot;Administrateur&quot;;}i:1;a:2:{s:4:&quot;name&quot;;s:15:&quot;SEBASTIEN BRUET&quot;;s:8:&quot;position&quot;;s:14:&quot;Administrateur&quot;;}i:2;a:2:{s:4:&quot;name&quot;;s:16:&quot;MARIANNE CHABOUD&quot;;s:8:&quot;position&quot;;s:15:&quot;Administratrice&quot;;}i:3;a:2:{s:4:&quot;name&quot;;s:14:&quot;AURELIEN COHEN&quot;;s:8:&quot;position&quot;;s:14:&quot;Administrateur&quot;;}i:4;a:2:{s:4:&quot;name&quot;;s:24:&quot;CHRISTOPHE DACNENBERGHEN&quot;;s:8:&quot;position&quot;;s:14:&quot;Administrateur&quot;;}i:5;a:2:{s:4:&quot;name&quot;;s:25:&quot;MATHIEU FECHOZ-CHRISTOPHE&quot;;s:8:&quot;position&quot;;s:14:&quot;Administrateur&quot;;}i:6;a:2:{s:4:&quot;name&quot;;s:12:&quot;CECILE GASCA&quot;;s:8:&quot;position&quot;;s:15:&quot;Administratrice&quot;;}i:7;a:2:{s:4:&quot;name&quot;;s:17:&quot;CHRISTILLA GUYON &quot;;s:8:&quot;position&quot;;s:15:&quot;Administratrice&quot;;}i:8;a:2:{s:4:&quot;name&quot;;s:18:&quot;CHRISTOPHE QUILLON&quot;;s:8:&quot;position&quot;;s:14:&quot;Administrateur&quot;;}i:9;a:2:{s:4:&quot;name&quot;;s:17:&quot;ANGELIQUE RUFFIER&quot;;s:8:&quot;position&quot;;s:15:&quot;Administratrice&quot;;}i:10;a:2:{s:4:&quot;name&quot;;s:16:&quot;DANY WAREMBOURG &quot;;s:8:&quot;position&quot;;s:17:&quot;Vice-Pr\u00e9sidente &quot;;}i:11;a:2:{s:4:&quot;name&quot;;s:13:&quot;JIMMY GHIDINA&quot;;s:8:&quot;position&quot;;s:11:&quot;Secr\u00e9taire&quot;;}}}s:4:&quot;next&quot;;a:8:{s:5:&quot;title&quot;;s:38:&quot;Future Assembl\u00e9e G\u00e9n\u00e9rale &quot;;s:4:&quot;text&quot;;s:0:&quot;&quot;;s:4:&quot;when&quot;;s:19:&quot;2026-03-11 19:00:00&quot;;s:7:&quot;address&quot;;s:45:&quot;Salle de la pierre du Roy - 73200 ALBERTVILLE&quot;;s:4:&quot;name&quot;;s:81:&quot;Th\u00e8me local : &quot;De la F\u00e8ve \u00e0 la Tablette&quot; par notre chocolatier Franck Jouffe\u00a0&quot;;s:3:&quot;img&quot;;b:0;s:7:&quot;details&quot;;s:655:&quot;Il est temps de nous rencontrer \u00e0 nouveau pour vous informer des \u00e9volutions de votre banque coop\u00e9rative et mutualiste. Cette soir\u00e9e sera aussi l\u2019occasion d\u2019\u00e9changer sur l\u2019activit\u00e9 et le fonctionnement du Cr\u00e9dit Agricole des Savoie. Vous pourrez vous exprimer en tant que soci\u00e9taire et acteur du territoire. Venez d\u00e9couvrir le th\u00e8me que les administrateurs de votre Caisse Locale ont choisi de vous pr\u00e9senter ! Un cadeau de bienvenue vous sera remis \u00e0 votre arriv\u00e9e. Un repas cl\u00f4turera la soir\u00e9e. Vous avez des questions \u00e0 poser \u00e0 votre Caisse Locale ? Envoyez-nous un message. &quot;;s:4:&quot;link&quot;;a:2:{s:4:&quot;text&quot;;s:19:&quot;Je pose ma question&quot;;s:3:&quot;url&quot;;a:1:{i:0;a:2:{s:13:&quot;acf_fc_layout&quot;;s:8:&quot;internal&quot;;s:3:&quot;url&quot;;s:49:&quot;https:\/\/www.tous-acteurs-des-savoie.coop\/contact\/&quot;;}}}}s:8:&quot;previous&quot;;a:8:{s:5:&quot;title&quot;;s:44:&quot;derniere assemblee generale : 2025 &quot;;s:4:&quot;text&quot;;s:84:&quot;La derni\u00e8re Assembl\u00e9e G\u00e9n\u00e9rale de votre Caisse Locale a eu lieu en 2025. &quot;;s:4:&quot;when&quot;;s:19:&quot;2025-03-25 19:00:00&quot;;s:7:&quot;address&quot;;s:88:&quot;Salle Municipale de la Pierre du Roy - 23 chemin de la Pierre du Roy - 73200 ALBERTVILLE&quot;;s:4:&quot;name&quot;;s:72:&quot;Th\u00e8me local : L&#039;\u00e9conomie Sociale et Solidaire au service du territoire&quot;;s:3:&quot;img&quot;;b:0;s:7:&quot;details&quot;;s:10:&quot; &quot;;s:4:&quot;link&quot;;a:2:{s:4:&quot;text&quot;;s:0:&quot;&quot;;s:3:&quot;url&quot;;b:0;}}s:9:&quot;president&quot;;a:5:{s:6:&quot;center&quot;;b:0;s:3:&quot;img&quot;;i:5229;s:12:&quot;img-position&quot;;s:4:&quot;left&quot;;s:4:&quot;name&quot;;s:16:&quot;Thierry BLANCHIN&quot;;s:8:&quot;position&quot;;s:30:&quot;Pr\u00e9sident de la Caisse Locale&quot;;}s:5:&quot;video&quot;;a:1:{s:5:&quot;video&quot;;s:336:&quot;&quot;;}s:4:&quot;imgs&quot;;b:0;s:8:&quot;gallerie&quot;;a:1:{s:4:&quot;imgs&quot;;b:0;}}\" \/>\n<meta property=\"og:url\" content=\"https:\/\/www.tous-acteurs-des-savoie.coop\/caisses-locales\/albertville-2\/\" \/>\n<meta property=\"og:site_name\" content=\"Tous Acteurs des Savoie\" \/>\n<meta property=\"article:modified_time\" content=\"2025-12-15T08:48:47+00:00\" \/>\n<meta name=\"twitter:card\" content=\"summary_large_image\" \/>\n<script type=\"application\/ld+json\" class=\"yoast-schema-graph\">{\"@context\":\"https:\/\/schema.org\",\"@graph\":[{\"@type\":\"WebPage\",\"@id\":\"https:\/\/www.tous-acteurs-des-savoie.coop\/caisses-locales\/albertville-2\/\",\"url\":\"https:\/\/www.tous-acteurs-des-savoie.coop\/caisses-locales\/albertville-2\/\",\"name\":\"ALBERTVILLE - Tous Acteurs des Savoie\",\"isPartOf\":{\"@id\":\"https:\/\/www.tous-acteurs-des-savoie.coop\/#website\"},\"datePublished\":\"2022-09-14T10:05:47+00:00\",\"dateModified\":\"2025-12-15T08:48:47+00:00\",\"breadcrumb\":{\"@id\":\"https:\/\/www.tous-acteurs-des-savoie.coop\/caisses-locales\/albertville-2\/#breadcrumb\"},\"inLanguage\":\"fr-FR\",\"potentialAction\":[{\"@type\":\"ReadAction\",\"target\":[\"https:\/\/www.tous-acteurs-des-savoie.coop\/caisses-locales\/albertville-2\/\"]}]},{\"@type\":\"BreadcrumbList\",\"@id\":\"https:\/\/www.tous-acteurs-des-savoie.coop\/caisses-locales\/albertville-2\/#breadcrumb\",\"itemListElement\":[{\"@type\":\"ListItem\",\"position\":1,\"name\":\"Home\",\"item\":\"https:\/\/www.tous-acteurs-des-savoie.coop\/\"},{\"@type\":\"ListItem\",\"position\":2,\"name\":\"Caisses Locales\",\"item\":\"https:\/\/www.tous-acteurs-des-savoie.coop\/caisses-locales\/\"},{\"@type\":\"ListItem\",\"position\":3,\"name\":\"ALBERTVILLE\"}]},{\"@type\":\"WebSite\",\"@id\":\"https:\/\/www.tous-acteurs-des-savoie.coop\/#website\",\"url\":\"https:\/\/www.tous-acteurs-des-savoie.coop\/\",\"name\":\"Tous Acteurs des Savoie\",\"description\":\"\",\"potentialAction\":[{\"@type\":\"SearchAction\",\"target\":{\"@type\":\"EntryPoint\",\"urlTemplate\":\"https:\/\/www.tous-acteurs-des-savoie.coop\/?s={search_term_string}\"},\"query-input\":{\"@type\":\"PropertyValueSpecification\",\"valueRequired\":true,\"valueName\":\"search_term_string\"}}],\"inLanguage\":\"fr-FR\"}]}<\/script>\n<!-- \/ Yoast SEO plugin. -->","yoast_head_json":{"title":"ALBERTVILLE - Tous Acteurs des Savoie","robots":{"index":"index","follow":"follow","max-snippet":"max-snippet:-1","max-image-preview":"max-image-preview:large","max-video-preview":"max-video-preview:-1"},"canonical":"https:\/\/www.tous-acteurs-des-savoie.coop\/caisses-locales\/albertville-2\/","og_locale":"fr_FR","og_type":"article","og_title":"ALBERTVILLE - Tous Acteurs des Savoie","og_description":"a:11:{s:5:\"cover\";a:3:{s:3:\"img\";i:1033;s:5:\"title\";s:43:\"CAISSE LOCALE D&rsquo;ALBERTVILLE \";s:4:\"text\";s:0:\"\";}s:4:\"list\";a:2:{s:5:\"photo\";i:1033;s:5:\"title\";s:43:\"CAISSE LOCALE D&rsquo;ALBERTVILLE \";}s:7:\"address\";s:34:\"10, rue Gambetta 73200 ALBERTVILLE\";s:3:\"map\";a:13:{s:7:\"address\";s:83:\"Cr\u00e9dit Agricole - ALBERTVILLE GAMBETTA, 10 Rue Gambetta, 73200 Albertville, France\";s:3:\"lat\";d:45.677046;s:3:\"lng\";d:6.392667699999999;s:4:\"zoom\";i:14;s:8:\"place_id\";s:27:\"ChIJQ1hIGRDDi0cRKV0cUPbf9E8\";s:4:\"name\";s:39:\"Cr\u00e9dit Agricole - ALBERTVILLE GAMBETTA\";s:13:\"street_number\";s:2:\"10\";s:11:\"street_name\";s:12:\"Rue Gambetta\";s:4:\"city\";s:11:\"Albertville\";s:5:\"state\";s:21:\"Auvergne-Rh\u00f4ne-Alpes\";s:9:\"post_code\";s:5:\"73200\";s:7:\"country\";s:6:\"France\";s:13:\"country_short\";s:2:\"FR\";}s:14:\"administration\";a:2:{s:5:\"title\";s:56:\"Conseil d\u2019administration de la caisse locale \";s:9:\"employees\";a:12:{i:0;a:2:{s:4:\"name\";s:16:\"FREDERIC BRANCHE\";s:8:\"position\";s:14:\"Administrateur\";}i:1;a:2:{s:4:\"name\";s:15:\"SEBASTIEN BRUET\";s:8:\"position\";s:14:\"Administrateur\";}i:2;a:2:{s:4:\"name\";s:16:\"MARIANNE CHABOUD\";s:8:\"position\";s:15:\"Administratrice\";}i:3;a:2:{s:4:\"name\";s:14:\"AURELIEN COHEN\";s:8:\"position\";s:14:\"Administrateur\";}i:4;a:2:{s:4:\"name\";s:24:\"CHRISTOPHE DACNENBERGHEN\";s:8:\"position\";s:14:\"Administrateur\";}i:5;a:2:{s:4:\"name\";s:25:\"MATHIEU FECHOZ-CHRISTOPHE\";s:8:\"position\";s:14:\"Administrateur\";}i:6;a:2:{s:4:\"name\";s:12:\"CECILE GASCA\";s:8:\"position\";s:15:\"Administratrice\";}i:7;a:2:{s:4:\"name\";s:17:\"CHRISTILLA GUYON \";s:8:\"position\";s:15:\"Administratrice\";}i:8;a:2:{s:4:\"name\";s:18:\"CHRISTOPHE QUILLON\";s:8:\"position\";s:14:\"Administrateur\";}i:9;a:2:{s:4:\"name\";s:17:\"ANGELIQUE RUFFIER\";s:8:\"position\";s:15:\"Administratrice\";}i:10;a:2:{s:4:\"name\";s:16:\"DANY WAREMBOURG \";s:8:\"position\";s:17:\"Vice-Pr\u00e9sidente \";}i:11;a:2:{s:4:\"name\";s:13:\"JIMMY GHIDINA\";s:8:\"position\";s:11:\"Secr\u00e9taire\";}}}s:4:\"next\";a:8:{s:5:\"title\";s:38:\"Future Assembl\u00e9e G\u00e9n\u00e9rale \";s:4:\"text\";s:0:\"\";s:4:\"when\";s:19:\"2026-03-11 19:00:00\";s:7:\"address\";s:45:\"Salle de la pierre du Roy - 73200 ALBERTVILLE\";s:4:\"name\";s:81:\"Th\u00e8me local : \"De la F\u00e8ve \u00e0 la Tablette\" par notre chocolatier Franck Jouffe\u00a0\";s:3:\"img\";b:0;s:7:\"details\";s:655:\"Il est temps de nous rencontrer \u00e0 nouveau pour vous informer des \u00e9volutions de votre banque coop\u00e9rative et mutualiste. Cette soir\u00e9e sera aussi l\u2019occasion d\u2019\u00e9changer sur l\u2019activit\u00e9 et le fonctionnement du Cr\u00e9dit Agricole des Savoie. Vous pourrez vous exprimer en tant que soci\u00e9taire et acteur du territoire. Venez d\u00e9couvrir le th\u00e8me que les administrateurs de votre Caisse Locale ont choisi de vous pr\u00e9senter ! Un cadeau de bienvenue vous sera remis \u00e0 votre arriv\u00e9e. Un repas cl\u00f4turera la soir\u00e9e. Vous avez des questions \u00e0 poser \u00e0 votre Caisse Locale ? Envoyez-nous un message. \";s:4:\"link\";a:2:{s:4:\"text\";s:19:\"Je pose ma question\";s:3:\"url\";a:1:{i:0;a:2:{s:13:\"acf_fc_layout\";s:8:\"internal\";s:3:\"url\";s:49:\"https:\/\/www.tous-acteurs-des-savoie.coop\/contact\/\";}}}}s:8:\"previous\";a:8:{s:5:\"title\";s:44:\"derniere assemblee generale : 2025 \";s:4:\"text\";s:84:\"La derni\u00e8re Assembl\u00e9e G\u00e9n\u00e9rale de votre Caisse Locale a eu lieu en 2025. \";s:4:\"when\";s:19:\"2025-03-25 19:00:00\";s:7:\"address\";s:88:\"Salle Municipale de la Pierre du Roy - 23 chemin de la Pierre du Roy - 73200 ALBERTVILLE\";s:4:\"name\";s:72:\"Th\u00e8me local : L'\u00e9conomie Sociale et Solidaire au service du territoire\";s:3:\"img\";b:0;s:7:\"details\";s:10:\" \";s:4:\"link\";a:2:{s:4:\"text\";s:0:\"\";s:3:\"url\";b:0;}}s:9:\"president\";a:5:{s:6:\"center\";b:0;s:3:\"img\";i:5229;s:12:\"img-position\";s:4:\"left\";s:4:\"name\";s:16:\"Thierry BLANCHIN\";s:8:\"position\";s:30:\"Pr\u00e9sident de la Caisse Locale\";}s:5:\"video\";a:1:{s:5:\"video\";s:336:\"\";}s:4:\"imgs\";b:0;s:8:\"gallerie\";a:1:{s:4:\"imgs\";b:0;}}","og_url":"https:\/\/www.tous-acteurs-des-savoie.coop\/caisses-locales\/albertville-2\/","og_site_name":"Tous Acteurs des Savoie","article_modified_time":"2025-12-15T08:48:47+00:00","twitter_card":"summary_large_image","schema":{"@context":"https:\/\/schema.org","@graph":[{"@type":"WebPage","@id":"https:\/\/www.tous-acteurs-des-savoie.coop\/caisses-locales\/albertville-2\/","url":"https:\/\/www.tous-acteurs-des-savoie.coop\/caisses-locales\/albertville-2\/","name":"ALBERTVILLE - Tous Acteurs des Savoie","isPartOf":{"@id":"https:\/\/www.tous-acteurs-des-savoie.coop\/#website"},"datePublished":"2022-09-14T10:05:47+00:00","dateModified":"2025-12-15T08:48:47+00:00","breadcrumb":{"@id":"https:\/\/www.tous-acteurs-des-savoie.coop\/caisses-locales\/albertville-2\/#breadcrumb"},"inLanguage":"fr-FR","potentialAction":[{"@type":"ReadAction","target":["https:\/\/www.tous-acteurs-des-savoie.coop\/caisses-locales\/albertville-2\/"]}]},{"@type":"BreadcrumbList","@id":"https:\/\/www.tous-acteurs-des-savoie.coop\/caisses-locales\/albertville-2\/#breadcrumb","itemListElement":[{"@type":"ListItem","position":1,"name":"Home","item":"https:\/\/www.tous-acteurs-des-savoie.coop\/"},{"@type":"ListItem","position":2,"name":"Caisses Locales","item":"https:\/\/www.tous-acteurs-des-savoie.coop\/caisses-locales\/"},{"@type":"ListItem","position":3,"name":"ALBERTVILLE"}]},{"@type":"WebSite","@id":"https:\/\/www.tous-acteurs-des-savoie.coop\/#website","url":"https:\/\/www.tous-acteurs-des-savoie.coop\/","name":"Tous Acteurs des Savoie","description":"","potentialAction":[{"@type":"SearchAction","target":{"@type":"EntryPoint","urlTemplate":"https:\/\/www.tous-acteurs-des-savoie.coop\/?s={search_term_string}"},"query-input":{"@type":"PropertyValueSpecification","valueRequired":true,"valueName":"search_term_string"}}],"inLanguage":"fr-FR"}]}},"_links":{"self":[{"href":"https:\/\/www.tous-acteurs-des-savoie.coop\/tads-api\/wp\/v2\/caisse\/1571","targetHints":{"allow":["GET"]}}],"collection":[{"href":"https:\/\/www.tous-acteurs-des-savoie.coop\/tads-api\/wp\/v2\/caisse"}],"about":[{"href":"https:\/\/www.tous-acteurs-des-savoie.coop\/tads-api\/wp\/v2\/types\/caisse"}],"wp:attachment":[{"href":"https:\/\/www.tous-acteurs-des-savoie.coop\/tads-api\/wp\/v2\/media?parent=1571"}],"curies":[{"name":"wp","href":"https:\/\/api.w.org\/{rel}","templated":true}]}}