{"version":"1.0","provider_name":"Tous Acteurs des Savoie","provider_url":"https:\/\/www.tous-acteurs-des-savoie.coop","author_name":"evenementiel@ca-des-savoie.fr","author_url":"https:\/\/www.tous-acteurs-des-savoie.coop\/author\/evenementielca-des-savoie-fr\/","title":"YOUZFUL CAFES - Tous Acteurs des Savoie","type":"rich","width":600,"height":338,"html":"<blockquote class=\"wp-embedded-content\" data-secret=\"FpSazpjL2V\"><a href=\"https:\/\/www.tous-acteurs-des-savoie.coop\/evenements\/youzful-cafes-mai-2023\/\">YOUZFUL CAFES<\/a><\/blockquote><iframe sandbox=\"allow-scripts\" security=\"restricted\" src=\"https:\/\/www.tous-acteurs-des-savoie.coop\/evenements\/youzful-cafes-mai-2023\/embed\/#?secret=FpSazpjL2V\" width=\"600\" height=\"338\" title=\"\u00ab\u00a0YOUZFUL CAFES\u00a0\u00bb &#8212; Tous Acteurs des Savoie\" data-secret=\"FpSazpjL2V\" frameborder=\"0\" marginwidth=\"0\" marginheight=\"0\" scrolling=\"no\" class=\"wp-embedded-content\"><\/iframe><script>\n\/*! This file is auto-generated *\/\n!function(d,l){\"use strict\";l.querySelector&&d.addEventListener&&\"undefined\"!=typeof URL&&(d.wp=d.wp||{},d.wp.receiveEmbedMessage||(d.wp.receiveEmbedMessage=function(e){var t=e.data;if((t||t.secret||t.message||t.value)&&!\/[^a-zA-Z0-9]\/.test(t.secret)){for(var s,r,n,a=l.querySelectorAll('iframe[data-secret=\"'+t.secret+'\"]'),o=l.querySelectorAll('blockquote[data-secret=\"'+t.secret+'\"]'),c=new RegExp(\"^https?:$\",\"i\"),i=0;i<o.length;i++)o[i].style.display=\"none\";for(i=0;i<a.length;i++)s=a[i],e.source===s.contentWindow&&(s.removeAttribute(\"style\"),\"height\"===t.message?(1e3<(r=parseInt(t.value,10))?r=1e3:~~r<200&&(r=200),s.height=r):\"link\"===t.message&&(r=new URL(s.getAttribute(\"src\")),n=new URL(t.value),c.test(n.protocol))&&n.host===r.host&&l.activeElement===s&&(d.top.location.href=t.value))}},d.addEventListener(\"message\",d.wp.receiveEmbedMessage,!1),l.addEventListener(\"DOMContentLoaded\",function(){for(var e,t,s=l.querySelectorAll(\"iframe.wp-embedded-content\"),r=0;r<s.length;r++)(t=(e=s[r]).getAttribute(\"data-secret\"))||(t=Math.random().toString(36).substring(2,12),e.src+=\"#?secret=\"+t,e.setAttribute(\"data-secret\",t)),e.contentWindow.postMessage({message:\"ready\",secret:t},\"*\")},!1)))}(window,document);\n<\/script>\n","description":"a:6:{s:10:\"event_date\";s:8:\"20230510\";s:14:\"event_date_end\";s:8:\"20230510\";s:7:\"address\";a:14:{s:7:\"address\";s:85:\"Le Village by CA des Savoie, Boulevard de la Mer Caspienne, Le Bourget-du-Lac, France\";s:3:\"lat\";d:45.6405863;s:3:\"lng\";d:5.873746699999999;s:4:\"zoom\";i:11;s:8:\"place_id\";s:27:\"ChIJQx8mhMsJi0cRSADwIlQIlgE\";s:4:\"name\";s:27:\"Le Village by CA des Savoie\";s:13:\"street_number\";s:2:\"19\";s:11:\"street_name\";s:29:\"Boulevard de la Mer Caspienne\";s:17:\"street_name_short\";s:22:\"Bd de la Mer Caspienne\";s:4:\"city\";s:17:\"Le Bourget-du-Lac\";s:5:\"state\";s:21:\"Auvergne-Rh\u00f4ne-Alpes\";s:9:\"post_code\";s:5:\"73370\";s:7:\"country\";s:6:\"France\";s:13:\"country_short\";s:2:\"FR\";}s:5:\"cover\";a:4:{s:3:\"img\";i:4207;s:8:\"img-size\";s:5:\"cover\";s:5:\"title\";s:23:\"YOUZFUL CAFES \";s:11:\"button_link\";a:2:{s:4:\"text\";s:15:\"INSCRIVEZ-VOUS \";s:3:\"url\";a:1:{i:0;a:2:{s:13:\"acf_fc_layout\";s:8:\"external\";s:3:\"url\";s:87:\"https:\/\/www.youzful-by-ca.fr\/evenements\/job-dating\/youzful-cafe-chambery?ORI=EDEVGGMYZJ\";}}}}s:5:\"intro\";a:1:{s:5:\"intro\";s:1156:\"Vous rencontrez des difficult\u00e9s dans vos recherches d\u2019emploi, stage ou alternance ? Les multiples possibilit\u00e9s dans le milieu professionnel rendent parfois les d\u00e9cisions difficiles \u00e0 prendre quant \u00e0 son avenir, c\u2019est pourquoi, le Cr\u00e9dit Agricole des Savoie vous invite \u00e0 son \u00e9v\u00e9nement \u00ab\u00a0Youzful \/\/ Caf\u00e9\u00a0\u00bb pour vous donner un coup de pouce sur le march\u00e9 de l\u2019emploi. Au programme, plusieurs ateliers pour un accompagnement personnalis\u00e9\u00a0:  Un coaching sur le th\u00e8me \u00ab comment se rendre visible aupr\u00e8s des recruteurs ? Une intervention de l\u2019APEC* pour pr\u00e9senter les tendances du march\u00e9 de l\u2019emploi dans la r\u00e9gion Un bar \u00e0 CV (construction et relecture de CV) Un stand photo \u00ab\u00a0portrait pro\u00a0\u00bb Mais aussi la pr\u00e9sence d\u2019experts pour r\u00e9pondre \u00e0 vos questions et pour b\u00e9n\u00e9ficier de conseils pratiques pour faire la diff\u00e9rence face aux recruteurs\u00a0! Nous vous attendons nombreux, inscrivez-vous ! &nbsp; *Association pour l&#8217;emploi des cadres \";}s:6:\"blocks\";b:0;}"}