{"version":"1.0","provider_name":"Tous Acteurs des Savoie","provider_url":"https:\/\/www.tous-acteurs-des-savoie.coop","author_name":"evenementiel@ca-des-savoie.fr","author_url":"https:\/\/www.tous-acteurs-des-savoie.coop\/author\/evenementielca-des-savoie-fr\/","title":"Webinaire D\u00e9carbonation - Tous Acteurs des Savoie","type":"rich","width":600,"height":338,"html":"<blockquote class=\"wp-embedded-content\" data-secret=\"nbRaTFuWNV\"><a href=\"https:\/\/www.tous-acteurs-des-savoie.coop\/evenements\/webinaire-decarbonation\/\">Webinaire D\u00e9carbonation<\/a><\/blockquote><iframe sandbox=\"allow-scripts\" security=\"restricted\" src=\"https:\/\/www.tous-acteurs-des-savoie.coop\/evenements\/webinaire-decarbonation\/embed\/#?secret=nbRaTFuWNV\" width=\"600\" height=\"338\" title=\"\u00ab\u00a0Webinaire D\u00e9carbonation\u00a0\u00bb &#8212; Tous Acteurs des Savoie\" data-secret=\"nbRaTFuWNV\" frameborder=\"0\" marginwidth=\"0\" marginheight=\"0\" scrolling=\"no\" class=\"wp-embedded-content\"><\/iframe><script>\n\/*! This file is auto-generated *\/\n!function(d,l){\"use strict\";l.querySelector&&d.addEventListener&&\"undefined\"!=typeof URL&&(d.wp=d.wp||{},d.wp.receiveEmbedMessage||(d.wp.receiveEmbedMessage=function(e){var t=e.data;if((t||t.secret||t.message||t.value)&&!\/[^a-zA-Z0-9]\/.test(t.secret)){for(var s,r,n,a=l.querySelectorAll('iframe[data-secret=\"'+t.secret+'\"]'),o=l.querySelectorAll('blockquote[data-secret=\"'+t.secret+'\"]'),c=new RegExp(\"^https?:$\",\"i\"),i=0;i<o.length;i++)o[i].style.display=\"none\";for(i=0;i<a.length;i++)s=a[i],e.source===s.contentWindow&&(s.removeAttribute(\"style\"),\"height\"===t.message?(1e3<(r=parseInt(t.value,10))?r=1e3:~~r<200&&(r=200),s.height=r):\"link\"===t.message&&(r=new URL(s.getAttribute(\"src\")),n=new URL(t.value),c.test(n.protocol))&&n.host===r.host&&l.activeElement===s&&(d.top.location.href=t.value))}},d.addEventListener(\"message\",d.wp.receiveEmbedMessage,!1),l.addEventListener(\"DOMContentLoaded\",function(){for(var e,t,s=l.querySelectorAll(\"iframe.wp-embedded-content\"),r=0;r<s.length;r++)(t=(e=s[r]).getAttribute(\"data-secret\"))||(t=Math.random().toString(36).substring(2,12),e.src+=\"#?secret=\"+t,e.setAttribute(\"data-secret\",t)),e.contentWindow.postMessage({message:\"ready\",secret:t},\"*\")},!1)))}(window,document);\n<\/script>\n","description":"a:6:{s:10:\"event_date\";s:8:\"20250410\";s:14:\"event_date_end\";s:8:\"20250410\";s:7:\"address\";b:0;s:5:\"cover\";a:4:{s:3:\"img\";i:7146;s:8:\"img-size\";s:5:\"cover\";s:5:\"title\";s:34:\"Webinaire d\u00c9carbonation \";s:11:\"button_link\";a:2:{s:4:\"text\";s:12:\"JE M'INSCRIS\";s:3:\"url\";a:1:{i:0;a:2:{s:13:\"acf_fc_layout\";s:8:\"external\";s:3:\"url\";s:201:\"https:\/\/app.livestorm.co\/credit-agricole-transitions-energies-pole-conseil-et-solutions\/au-dela-du-bilan-carbone-comment-construire-une-trajectoire-de-reduction-des-emissions-a-long-terme?type=detailed\";}}}}s:5:\"intro\";a:1:{s:5:\"intro\";s:131:\"Au-del\u00e0 du bilan carbone, comment construire une trajectoire de r\u00e9duction des \u00e9missions \u00e0 long-terme ? \";}s:6:\"blocks\";a:2:{i:0;a:4:{s:13:\"acf_fc_layout\";s:4:\"text\";s:14:\"text_text-move\";b:1;s:14:\"text_text-size\";s:1:\"9\";s:9:\"text_text\";s:2028:\"JEUDI 10 AVRIL 2025, de 8h30 \u00e0 9h30 Le Cr\u00e9dit Agricole et son partenaire strat\u00e9gique R3 vous donnent rendez-vous pour un webinaire exclusif d\u00e9di\u00e9 aux entreprises souhaitant engager une d\u00e9marche de d\u00e9carbonation efficace et structur\u00e9e pour r\u00e9duire leurs \u00e9missions \u00e0 long-terme. Pourquoi participer ? Vous souhaitez : \u2022 D\u00e9passer le simple bilan carbone et construire une feuille de route adapt\u00e9e \u00e0 vos enjeux. \u2022 Identifier les \u00e9tapes cl\u00e9s pour une trajectoire de d\u00e9carbonation r\u00e9ussie \u2022 D\u00e9couvrir les dispositifs subventionn\u00e9s disponibles pour int\u00e9grer le carbone dans votre strat\u00e9gie d\u2019entreprise Lors de ce webinaire, les intervenants Come de Lassus, Directeur du p\u00f4le Carbone Climat et Gautier Vandenbogaerde, Directeur du p\u00f4le Carbone Climat PME ETI vous pr\u00e9senteront : 1. Les enjeux de la d\u00e9carbonation pour les entreprises 2. Le cas d\u2019un grand groupe accompagn\u00e9 dans le commerce de d\u00e9tail 3. Le cas d\u2019un grosse PME dans le secteur de la mobilit\u00e9 4. Questions\/r\u00e9ponses \";}i:1;a:3:{s:13:\"acf_fc_layout\";s:6:\"button\";s:11:\"button_line\";b:0;s:16:\"button_link_link\";a:2:{s:4:\"text\";s:12:\"JE M'INSCRIS\";s:3:\"url\";a:1:{i:0;a:2:{s:13:\"acf_fc_layout\";s:8:\"external\";s:3:\"url\";s:201:\"https:\/\/app.livestorm.co\/credit-agricole-transitions-energies-pole-conseil-et-solutions\/au-dela-du-bilan-carbone-comment-construire-une-trajectoire-de-reduction-des-emissions-a-long-terme?type=detailed\";}}}}}}"}