{"version":"1.0","provider_name":"Tous Acteurs des Savoie","provider_url":"https:\/\/www.tous-acteurs-des-savoie.coop","author_name":"Coralie.GOBBO@ca-des-savoie.fr","author_url":"https:\/\/www.tous-acteurs-des-savoie.coop\/author\/coralie-gobboca-des-savoie-fr\/","title":"Festival livres en marches - Tous Acteurs des Savoie","type":"rich","width":600,"height":338,"html":"<blockquote class=\"wp-embedded-content\" data-secret=\"ZpogW5OhhA\"><a href=\"https:\/\/www.tous-acteurs-des-savoie.coop\/evenements\/festival-livres-en-marches2022\/\">Festival livres en marches<\/a><\/blockquote><iframe sandbox=\"allow-scripts\" security=\"restricted\" src=\"https:\/\/www.tous-acteurs-des-savoie.coop\/evenements\/festival-livres-en-marches2022\/embed\/#?secret=ZpogW5OhhA\" width=\"600\" height=\"338\" title=\"\u00ab\u00a0Festival livres en marches\u00a0\u00bb &#8212; Tous Acteurs des Savoie\" data-secret=\"ZpogW5OhhA\" frameborder=\"0\" marginwidth=\"0\" marginheight=\"0\" scrolling=\"no\" class=\"wp-embedded-content\"><\/iframe><script>\n\/*! This file is auto-generated *\/\n!function(d,l){\"use strict\";l.querySelector&&d.addEventListener&&\"undefined\"!=typeof URL&&(d.wp=d.wp||{},d.wp.receiveEmbedMessage||(d.wp.receiveEmbedMessage=function(e){var t=e.data;if((t||t.secret||t.message||t.value)&&!\/[^a-zA-Z0-9]\/.test(t.secret)){for(var s,r,n,a=l.querySelectorAll('iframe[data-secret=\"'+t.secret+'\"]'),o=l.querySelectorAll('blockquote[data-secret=\"'+t.secret+'\"]'),c=new RegExp(\"^https?:$\",\"i\"),i=0;i<o.length;i++)o[i].style.display=\"none\";for(i=0;i<a.length;i++)s=a[i],e.source===s.contentWindow&&(s.removeAttribute(\"style\"),\"height\"===t.message?(1e3<(r=parseInt(t.value,10))?r=1e3:~~r<200&&(r=200),s.height=r):\"link\"===t.message&&(r=new URL(s.getAttribute(\"src\")),n=new URL(t.value),c.test(n.protocol))&&n.host===r.host&&l.activeElement===s&&(d.top.location.href=t.value))}},d.addEventListener(\"message\",d.wp.receiveEmbedMessage,!1),l.addEventListener(\"DOMContentLoaded\",function(){for(var e,t,s=l.querySelectorAll(\"iframe.wp-embedded-content\"),r=0;r<s.length;r++)(t=(e=s[r]).getAttribute(\"data-secret\"))||(t=Math.random().toString(36).substring(2,12),e.src+=\"#?secret=\"+t,e.setAttribute(\"data-secret\",t)),e.contentWindow.postMessage({message:\"ready\",secret:t},\"*\")},!1)))}(window,document);\n<\/script>\n","description":"a:6:{s:10:\"event_date\";s:8:\"20220924\";s:14:\"event_date_end\";s:8:\"20220925\";s:7:\"address\";a:10:{s:7:\"address\";s:36:\"Les Marches, Porte-de-Savoie, France\";s:3:\"lat\";d:45.498866;s:3:\"lng\";d:6.000293;s:4:\"zoom\";i:12;s:8:\"place_id\";s:27:\"ChIJpYNVil6si0cRELG65CqrCAQ\";s:4:\"name\";s:11:\"Les Marches\";s:4:\"city\";s:15:\"Porte-de-Savoie\";s:5:\"state\";s:21:\"Auvergne-Rh\u00f4ne-Alpes\";s:7:\"country\";s:6:\"France\";s:13:\"country_short\";s:2:\"FR\";}s:5:\"cover\";a:4:{s:3:\"img\";i:2759;s:8:\"img-size\";s:7:\"contain\";s:5:\"title\";s:36:\"Festival Livres en Marches \";s:11:\"button_link\";a:2:{s:4:\"text\";s:13:\"Site officiel\";s:3:\"url\";a:1:{i:0;a:2:{s:13:\"acf_fc_layout\";s:8:\"external\";s:3:\"url\";s:28:\"https:\/\/livresenmarches.com\/\";}}}}s:5:\"intro\";a:1:{s:5:\"intro\";s:73:\"Ne manquez pas l&rsquo;\u00e9dition 2022, un festival de rencontres ! \";}s:6:\"blocks\";a:1:{i:0;a:4:{s:13:\"acf_fc_layout\";s:4:\"text\";s:14:\"text_text-move\";b:0;s:14:\"text_text-size\";s:1:\"9\";s:9:\"text_text\";s:481:\"Depuis plus de 20 ans, l\u2019un des rendez-vous majeurs du livre en Rh\u00f4ne-Alpes. Imagin\u00e9 dans la commune de Les Marches (devenue Porte-de-Savoie) pr\u00e8s de Chamb\u00e9ry, le Festival ancre sa programmation autour des enjeux soci\u00e9taux : rendre accessible les id\u00e9es nouvelles au plus grand nombre sensibiliser les g\u00e9n\u00e9rations au dialogue impulser le changement en nourrissant les esprits \";}}}"}