{"version":"1.0","provider_name":"Tous Acteurs des Savoie","provider_url":"https:\/\/www.tous-acteurs-des-savoie.coop","author_name":"evenementiel@ca-des-savoie.fr","author_url":"https:\/\/www.tous-acteurs-des-savoie.coop\/author\/evenementielca-des-savoie-fr\/","title":"CHATEL CHABLAIS LEMAN RACE 2023 - Tous Acteurs des Savoie","type":"rich","width":600,"height":338,"html":"<blockquote class=\"wp-embedded-content\" data-secret=\"K20gMNAORy\"><a href=\"https:\/\/www.tous-acteurs-des-savoie.coop\/evenements\/chatel-chablais-leman-race-2023\/\">CHATEL CHABLAIS LEMAN RACE 2023<\/a><\/blockquote><iframe sandbox=\"allow-scripts\" security=\"restricted\" src=\"https:\/\/www.tous-acteurs-des-savoie.coop\/evenements\/chatel-chablais-leman-race-2023\/embed\/#?secret=K20gMNAORy\" width=\"600\" height=\"338\" title=\"\u00ab\u00a0CHATEL CHABLAIS LEMAN RACE 2023\u00a0\u00bb &#8212; Tous Acteurs des Savoie\" data-secret=\"K20gMNAORy\" frameborder=\"0\" marginwidth=\"0\" marginheight=\"0\" scrolling=\"no\" class=\"wp-embedded-content\"><\/iframe><script>\n\/*! This file is auto-generated *\/\n!function(d,l){\"use strict\";l.querySelector&&d.addEventListener&&\"undefined\"!=typeof URL&&(d.wp=d.wp||{},d.wp.receiveEmbedMessage||(d.wp.receiveEmbedMessage=function(e){var t=e.data;if((t||t.secret||t.message||t.value)&&!\/[^a-zA-Z0-9]\/.test(t.secret)){for(var s,r,n,a=l.querySelectorAll('iframe[data-secret=\"'+t.secret+'\"]'),o=l.querySelectorAll('blockquote[data-secret=\"'+t.secret+'\"]'),c=new RegExp(\"^https?:$\",\"i\"),i=0;i<o.length;i++)o[i].style.display=\"none\";for(i=0;i<a.length;i++)s=a[i],e.source===s.contentWindow&&(s.removeAttribute(\"style\"),\"height\"===t.message?(1e3<(r=parseInt(t.value,10))?r=1e3:~~r<200&&(r=200),s.height=r):\"link\"===t.message&&(r=new URL(s.getAttribute(\"src\")),n=new URL(t.value),c.test(n.protocol))&&n.host===r.host&&l.activeElement===s&&(d.top.location.href=t.value))}},d.addEventListener(\"message\",d.wp.receiveEmbedMessage,!1),l.addEventListener(\"DOMContentLoaded\",function(){for(var e,t,s=l.querySelectorAll(\"iframe.wp-embedded-content\"),r=0;r<s.length;r++)(t=(e=s[r]).getAttribute(\"data-secret\"))||(t=Math.random().toString(36).substring(2,12),e.src+=\"#?secret=\"+t,e.setAttribute(\"data-secret\",t)),e.contentWindow.postMessage({message:\"ready\",secret:t},\"*\")},!1)))}(window,document);\n<\/script>\n","description":"a:6:{s:10:\"event_date\";s:8:\"20230722\";s:14:\"event_date_end\";s:8:\"20230723\";s:7:\"address\";b:0;s:5:\"cover\";a:4:{s:3:\"img\";i:4306;s:8:\"img-size\";s:7:\"contain\";s:5:\"title\";s:37:\"Ch\u00e2tel Chablais Leman Race \";s:11:\"button_link\";a:2:{s:4:\"text\";s:20:\"Plus d'informations \";s:3:\"url\";a:1:{i:0;a:2:{s:13:\"acf_fc_layout\";s:8:\"external\";s:3:\"url\";s:116:\"https:\/\/chatelchablaislemanrace.com\/wp-content\/uploads\/2021\/10\/CYCLOSPORTIVE-CHATEL-CHABLAIS-LEMAN-BROCHURE-A4-2.pdf\";}}}}s:5:\"intro\";a:1:{s:5:\"intro\";s:665:\"Partenaire de la course CHATEL CHABLAIS LEMAN RACE, nous vous donnons rendez-vous les 22 et 23 juillet 2023 \u00e0 Ch\u00e2tel. Deux types de surface et diff\u00e9rentes distances pour cyclistes d\u00e9butants ou confirm\u00e9s, pour une journ\u00e9e inoubliable dans un cadre idyllique entre lac et montagnes, au c\u0153ur des Portes du Soleil. 4 parcours seront propos\u00e9s : &#8211; Gravel : 125km &#8211; D\u00e9nivel\u00e9 positif : 2500m &#8211; Grand parcours : 148km &#8211; D\u00e9nivel\u00e9 positif : 2850m &#8211; Moyen parcours : 98km &#8211; D\u00e9nivel\u00e9 positif : 1900m &#8211; Petit parcours : 47km &#8211; D\u00e9nivel\u00e9 positif : 1990m \";}s:6:\"blocks\";b:0;}"}