{"version":"1.0","provider_name":"Tous Acteurs des Savoie","provider_url":"https:\/\/www.tous-acteurs-des-savoie.coop","author_name":"Coralie.GOBBO@ca-des-savoie.fr","author_url":"https:\/\/www.tous-acteurs-des-savoie.coop\/author\/coralie-gobboca-des-savoie-fr\/","title":"MONTM\u00c9LIAN - Tous Acteurs des Savoie","type":"rich","width":600,"height":338,"html":"<blockquote class=\"wp-embedded-content\" data-secret=\"qcc7vTOEp0\"><a href=\"https:\/\/www.tous-acteurs-des-savoie.coop\/caisses-locales\/montmelian\/\">MONTM\u00c9LIAN<\/a><\/blockquote><iframe sandbox=\"allow-scripts\" security=\"restricted\" src=\"https:\/\/www.tous-acteurs-des-savoie.coop\/caisses-locales\/montmelian\/embed\/#?secret=qcc7vTOEp0\" width=\"600\" height=\"338\" title=\"\u00ab\u00a0MONTM\u00c9LIAN\u00a0\u00bb &#8212; Tous Acteurs des Savoie\" data-secret=\"qcc7vTOEp0\" frameborder=\"0\" marginwidth=\"0\" marginheight=\"0\" scrolling=\"no\" class=\"wp-embedded-content\"><\/iframe><script>\n\/*! This file is auto-generated *\/\n!function(d,l){\"use strict\";l.querySelector&&d.addEventListener&&\"undefined\"!=typeof URL&&(d.wp=d.wp||{},d.wp.receiveEmbedMessage||(d.wp.receiveEmbedMessage=function(e){var t=e.data;if((t||t.secret||t.message||t.value)&&!\/[^a-zA-Z0-9]\/.test(t.secret)){for(var s,r,n,a=l.querySelectorAll('iframe[data-secret=\"'+t.secret+'\"]'),o=l.querySelectorAll('blockquote[data-secret=\"'+t.secret+'\"]'),c=new RegExp(\"^https?:$\",\"i\"),i=0;i<o.length;i++)o[i].style.display=\"none\";for(i=0;i<a.length;i++)s=a[i],e.source===s.contentWindow&&(s.removeAttribute(\"style\"),\"height\"===t.message?(1e3<(r=parseInt(t.value,10))?r=1e3:~~r<200&&(r=200),s.height=r):\"link\"===t.message&&(r=new URL(s.getAttribute(\"src\")),n=new URL(t.value),c.test(n.protocol))&&n.host===r.host&&l.activeElement===s&&(d.top.location.href=t.value))}},d.addEventListener(\"message\",d.wp.receiveEmbedMessage,!1),l.addEventListener(\"DOMContentLoaded\",function(){for(var e,t,s=l.querySelectorAll(\"iframe.wp-embedded-content\"),r=0;r<s.length;r++)(t=(e=s[r]).getAttribute(\"data-secret\"))||(t=Math.random().toString(36).substring(2,12),e.src+=\"#?secret=\"+t,e.setAttribute(\"data-secret\",t)),e.contentWindow.postMessage({message:\"ready\",secret:t},\"*\")},!1)))}(window,document);\n<\/script>\n","description":"a:11:{s:5:\"cover\";a:3:{s:3:\"img\";i:1089;s:5:\"title\";s:38:\"CAISSE LOCALE DE MONTM\u00c9LIAN \";s:4:\"text\";s:0:\"\";}s:4:\"list\";a:2:{s:5:\"photo\";i:1089;s:5:\"title\";s:38:\"CAISSE LOCALE DE MONTM\u00c9LIAN \";}s:7:\"address\";s:39:\"R\u00e9sidence Le Catinat 73800 MONTM\u00c9LIAN\";s:3:\"map\";a:13:{s:7:\"address\";s:102:\"Cr\u00e9dit Agricole - MONTMELIAN, R\u00e9sidence 'Le Catinat', Place Albert Serraz, 73800 Montm\u00e9lian, France\";s:3:\"lat\";d:45.5025535;s:3:\"lng\";d:6.054268499999999;s:4:\"zoom\";i:14;s:8:\"place_id\";s:27:\"ChIJfVoVhhayi0cRtvVUGdzdmk0\";s:4:\"name\";s:29:\"Cr\u00e9dit Agricole - MONTMELIAN\";s:11:\"street_name\";s:19:\"Place Albert Serraz\";s:17:\"street_name_short\";s:17:\"Pl. Albert Serraz\";s:4:\"city\";s:11:\"Montm\u00e9lian\";s:5:\"state\";s:21:\"Auvergne-Rh\u00f4ne-Alpes\";s:9:\"post_code\";s:5:\"73800\";s:7:\"country\";s:6:\"France\";s:13:\"country_short\";s:2:\"FR\";}s:14:\"administration\";a:2:{s:5:\"title\";s:56:\"Conseil d\u2019administration de la caisse locale \";s:9:\"employees\";a:13:{i:0;a:2:{s:4:\"name\";s:9:\"LAURE BAL\";s:8:\"position\";s:15:\"Administratrice\";}i:1;a:2:{s:4:\"name\";s:15:\"PASCALE BARRAZ \";s:8:\"position\";s:15:\"Administratrice\";}i:2;a:2:{s:4:\"name\";s:12:\"DANIEL BLANC\";s:8:\"position\";s:15:\"Vice-Pr\u00e9sident\";}i:3;a:2:{s:4:\"name\";s:13:\"FRANCK DONZEL\";s:8:\"position\";s:14:\"Administrateur\";}i:4;a:2:{s:4:\"name\";s:14:\"FABIENNE DUHEM\";s:8:\"position\";s:16:\"Vice-Pr\u00e9sidente\";}i:5;a:2:{s:4:\"name\";s:17:\"BERTRAND EXERTIER\";s:8:\"position\";s:14:\"Administrateur\";}i:6;a:2:{s:4:\"name\";s:16:\"THOMAS FRANCESIO\";s:8:\"position\";s:14:\"Administrateur\";}i:7;a:2:{s:4:\"name\";s:23:\"DOMINIQUE GIRARD-REYDET\";s:8:\"position\";s:14:\"Administrateur\";}i:8;a:2:{s:4:\"name\";s:13:\"ODILE HYVERT \";s:8:\"position\";s:15:\"Administratrice\";}i:9;a:2:{s:4:\"name\";s:11:\"JEROME LAVY\";s:8:\"position\";s:14:\"Administrateur\";}i:10;a:2:{s:4:\"name\";s:13:\"OLIVIER ORSET\";s:8:\"position\";s:14:\"Administrateur\";}i:11;a:2:{s:4:\"name\";s:14:\"JULIEN TRICHON\";s:8:\"position\";s:14:\"Administrateur\";}i:12;a:2:{s:4:\"name\";s:20:\"Ingrid ARIAS-ESCOBAR\";s:8:\"position\";s:11:\"Secr\u00e9taire\";}}}s:4:\"next\";a:8:{s:5:\"title\";s:38:\"Future Assembl\u00e9e G\u00e9n\u00e9rale \";s:4:\"text\";s:0:\"\";s:4:\"when\";s:19:\"2026-03-10 19:00:00\";s:7:\"address\";s:48:\"Espace Fran\u00e7ois Mitterrand - 73800 MONTM\u00c9LIAN\";s:4:\"name\";s:51:\"Th\u00e8me local : A la d\u00e9couverte de votre territoire\";s:3:\"img\";b:0;s:7:\"details\";s:655:\"Il est temps de nous rencontrer \u00e0 nouveau pour vous informer des \u00e9volutions de votre banque coop\u00e9rative et mutualiste. Cette soir\u00e9e sera aussi l\u2019occasion d\u2019\u00e9changer sur l\u2019activit\u00e9 et le fonctionnement du Cr\u00e9dit Agricole des Savoie. Vous pourrez vous exprimer en tant que soci\u00e9taire et acteur du territoire. Venez d\u00e9couvrir le th\u00e8me que les administrateurs de votre Caisse Locale ont choisi de vous pr\u00e9senter ! Un cadeau de bienvenue vous sera remis \u00e0 votre arriv\u00e9e. Un repas cl\u00f4turera la soir\u00e9e. Vous avez des questions \u00e0 poser \u00e0 votre Caisse Locale ? Envoyez-nous un message. \";s:4:\"link\";a:2:{s:4:\"text\";s:19:\"Je pose ma question\";s:3:\"url\";a:1:{i:0;a:2:{s:13:\"acf_fc_layout\";s:8:\"internal\";s:3:\"url\";s:49:\"https:\/\/www.tous-acteurs-des-savoie.coop\/contact\/\";}}}}s:8:\"previous\";a:8:{s:5:\"title\";s:71:\"derniere Assembl\u00e9e G\u00e9n\u00e9rale : 2025 &nbsp; \";s:4:\"text\";s:84:\"La derni\u00e8re Assembl\u00e9e G\u00e9n\u00e9rale de votre Caisse Locale a eu lieu en 2025. \";s:4:\"when\";s:19:\"2025-03-25 19:00:00\";s:7:\"address\";s:48:\"Espace Fran\u00e7ois Mitterrand - 73800 MONTM\u00c9LIAN\";s:4:\"name\";s:84:\"Th\u00e8me local : Relais alimentaire de Montm\u00e9lian : Missions et accompagnement local.\";s:3:\"img\";b:0;s:7:\"details\";s:0:\"\";s:4:\"link\";a:2:{s:4:\"text\";s:0:\"\";s:3:\"url\";b:0;}}s:9:\"president\";a:5:{s:6:\"center\";b:0;s:3:\"img\";i:1028;s:12:\"img-position\";s:4:\"left\";s:4:\"name\";s:13:\"OLIVIER ORSET\";s:8:\"position\";s:31:\"Pr\u00e9sident de la Caisse Locale \";}s:5:\"video\";a:1:{s:5:\"video\";s:336:\"\";}s:4:\"imgs\";b:0;s:8:\"gallerie\";a:1:{s:4:\"imgs\";b:0;}}"}