{"version":"1.0","provider_name":"Tous Acteurs des Savoie","provider_url":"https:\/\/www.tous-acteurs-des-savoie.coop","author_name":"Coralie.GOBBO@ca-des-savoie.fr","author_url":"https:\/\/www.tous-acteurs-des-savoie.coop\/author\/coralie-gobboca-des-savoie-fr\/","title":"CHAMOUX - Tous Acteurs des Savoie","type":"rich","width":600,"height":338,"html":"<blockquote class=\"wp-embedded-content\" data-secret=\"tzqzdCCWB5\"><a href=\"https:\/\/www.tous-acteurs-des-savoie.coop\/caisses-locales\/chamoux\/\">CHAMOUX<\/a><\/blockquote><iframe sandbox=\"allow-scripts\" security=\"restricted\" src=\"https:\/\/www.tous-acteurs-des-savoie.coop\/caisses-locales\/chamoux\/embed\/#?secret=tzqzdCCWB5\" width=\"600\" height=\"338\" title=\"\u00ab\u00a0CHAMOUX\u00a0\u00bb &#8212; Tous Acteurs des Savoie\" data-secret=\"tzqzdCCWB5\" frameborder=\"0\" marginwidth=\"0\" marginheight=\"0\" scrolling=\"no\" class=\"wp-embedded-content\"><\/iframe><script>\n\/*! This file is auto-generated *\/\n!function(d,l){\"use strict\";l.querySelector&&d.addEventListener&&\"undefined\"!=typeof URL&&(d.wp=d.wp||{},d.wp.receiveEmbedMessage||(d.wp.receiveEmbedMessage=function(e){var t=e.data;if((t||t.secret||t.message||t.value)&&!\/[^a-zA-Z0-9]\/.test(t.secret)){for(var s,r,n,a=l.querySelectorAll('iframe[data-secret=\"'+t.secret+'\"]'),o=l.querySelectorAll('blockquote[data-secret=\"'+t.secret+'\"]'),c=new RegExp(\"^https?:$\",\"i\"),i=0;i<o.length;i++)o[i].style.display=\"none\";for(i=0;i<a.length;i++)s=a[i],e.source===s.contentWindow&&(s.removeAttribute(\"style\"),\"height\"===t.message?(1e3<(r=parseInt(t.value,10))?r=1e3:~~r<200&&(r=200),s.height=r):\"link\"===t.message&&(r=new URL(s.getAttribute(\"src\")),n=new URL(t.value),c.test(n.protocol))&&n.host===r.host&&l.activeElement===s&&(d.top.location.href=t.value))}},d.addEventListener(\"message\",d.wp.receiveEmbedMessage,!1),l.addEventListener(\"DOMContentLoaded\",function(){for(var e,t,s=l.querySelectorAll(\"iframe.wp-embedded-content\"),r=0;r<s.length;r++)(t=(e=s[r]).getAttribute(\"data-secret\"))||(t=Math.random().toString(36).substring(2,12),e.src+=\"#?secret=\"+t,e.setAttribute(\"data-secret\",t)),e.contentWindow.postMessage({message:\"ready\",secret:t},\"*\")},!1)))}(window,document);\n<\/script>\n","description":"a:11:{s:5:\"cover\";a:3:{s:3:\"img\";i:1065;s:5:\"title\";s:34:\"CAISSE LOCALE DE CHAMOUX \";s:4:\"text\";s:0:\"\";}s:4:\"list\";a:2:{s:5:\"photo\";i:1065;s:5:\"title\";s:34:\"CAISSE LOCALE DE CHAMOUX \";}s:7:\"address\";s:41:\"Place des \u00c9coles 73390 CHAMOUX-SUR-GELON\";s:3:\"map\";a:12:{s:7:\"address\";s:86:\"Cr\u00e9dit Agricole - CHAMOUX-SUR-GELON, Rue des \u00c9coles, 73390 Chamoux-sur-Gelon, France\";s:3:\"lat\";d:45.5352553;s:3:\"lng\";d:6.216048;s:4:\"zoom\";i:14;s:8:\"place_id\";s:27:\"ChIJ4RHaKiG3i0cR-XBzIVMSTXg\";s:4:\"name\";s:36:\"Cr\u00e9dit Agricole - CHAMOUX-SUR-GELON\";s:11:\"street_name\";s:15:\"Rue des \u00c9coles\";s:4:\"city\";s:17:\"Chamoux-sur-Gelon\";s:5:\"state\";s:21:\"Auvergne-Rh\u00f4ne-Alpes\";s:9:\"post_code\";s:5:\"73390\";s:7:\"country\";s:6:\"France\";s:13:\"country_short\";s:2:\"FR\";}s:9:\"president\";a:5:{s:6:\"center\";b:0;s:3:\"img\";i:5483;s:12:\"img-position\";s:4:\"left\";s:4:\"name\";s:13:\"ANDRE TARAJAT\";s:8:\"position\";s:10:\"Pr\u00e9sident\";}s:14:\"administration\";a:2:{s:5:\"title\";s:56:\"Conseil d\u2019administration de la caisse locale \";s:9:\"employees\";a:12:{i:0;a:2:{s:4:\"name\";s:13:\"ERIC AGUETTAZ\";s:8:\"position\";s:14:\"Administrateur\";}i:1;a:2:{s:4:\"name\";s:24:\"ANN CHARLOTTE BATAILLARD\";s:8:\"position\";s:15:\"Administratrice\";}i:2;a:2:{s:4:\"name\";s:15:\"JEROME BERTHIER\";s:8:\"position\";s:14:\"Administrateur\";}i:3;a:2:{s:4:\"name\";s:15:\"AUDREY BERTHIER\";s:8:\"position\";s:15:\"Administratrice\";}i:4;a:2:{s:4:\"name\";s:16:\"ISABELLE BURNIER\";s:8:\"position\";s:16:\"Vice-Pr\u00e9sidente\";}i:5;a:2:{s:4:\"name\";s:21:\"MARIE-LAURE CHRISTIN \";s:8:\"position\";s:15:\"Administratrice\";}i:6;a:2:{s:4:\"name\";s:16:\"ALEXANDRA COMBET\";s:8:\"position\";s:15:\"Administratrice\";}i:7;a:2:{s:4:\"name\";s:14:\"THIERRY MARTIN\";s:8:\"position\";s:15:\"Administrateur \";}i:8;a:2:{s:4:\"name\";s:16:\"FRANCOIS RICHARD\";s:8:\"position\";s:14:\"Administrateur\";}i:9;a:2:{s:4:\"name\";s:14:\"JULIEN RIVOLLY\";s:8:\"position\";s:15:\"Vice-Pr\u00e9sident\";}i:10;a:2:{s:4:\"name\";s:16:\"PIERRE VUILLEMIN\";s:8:\"position\";s:14:\"Administrateur\";}i:11;a:2:{s:4:\"name\";s:16:\"Chrystel MARTINI\";s:8:\"position\";s:11:\"Secr\u00e9taire\";}}}s:4:\"next\";a:8:{s:5:\"title\";s:38:\"Future Assembl\u00e9e G\u00e9n\u00e9rale \";s:4:\"text\";s:0:\"\";s:4:\"when\";s:19:\"2026-03-13 19:00:00\";s:7:\"address\";s:52:\"Salle des f\u00eates - Chef-Lieu - 73390 Betton-Bettonet\";s:4:\"name\";s:24:\"Th\u00e8me local : LE SISARC\";s:3:\"img\";b:0;s:7:\"details\";s:655:\"Il est temps de nous rencontrer \u00e0 nouveau pour vous informer des \u00e9volutions de votre banque coop\u00e9rative et mutualiste. Cette soir\u00e9e sera aussi l\u2019occasion d\u2019\u00e9changer sur l\u2019activit\u00e9 et le fonctionnement du Cr\u00e9dit Agricole des Savoie. Vous pourrez vous exprimer en tant que soci\u00e9taire et acteur du territoire. Venez d\u00e9couvrir le th\u00e8me que les administrateurs de votre Caisse Locale ont choisi de vous pr\u00e9senter ! Un cadeau de bienvenue vous sera remis \u00e0 votre arriv\u00e9e. Un repas cl\u00f4turera la soir\u00e9e. Vous avez des questions \u00e0 poser \u00e0 votre Caisse Locale ? Envoyez-nous un message. \";s:4:\"link\";a:2:{s:4:\"text\";s:19:\"Je pose ma question\";s:3:\"url\";a:1:{i:0;a:2:{s:13:\"acf_fc_layout\";s:8:\"internal\";s:3:\"url\";s:49:\"https:\/\/www.tous-acteurs-des-savoie.coop\/contact\/\";}}}}s:8:\"previous\";a:8:{s:5:\"title\";s:44:\"DERNIERE ASSEMBLEE GENERALE : 2025 \";s:4:\"text\";s:84:\"La derni\u00e8re Assembl\u00e9e G\u00e9n\u00e9rale de votre Caisse Locale a eu lieu en 2025. \";s:4:\"when\";s:19:\"2025-03-07 19:00:00\";s:7:\"address\";s:59:\"Salle des f\u00eates de Villard-Leger - 73390 Chamoux-Sur-Gelon\";s:4:\"name\";s:41:\"Th\u00e8me local : la recyclerie de FIBRETHIK\";s:3:\"img\";b:0;s:7:\"details\";s:0:\"\";s:4:\"link\";a:2:{s:4:\"text\";s:0:\"\";s:3:\"url\";b:0;}}s:5:\"video\";a:1:{s:5:\"video\";s:332:\"\";}s:4:\"imgs\";b:0;s:8:\"gallerie\";a:1:{s:4:\"imgs\";b:0;}}"}